{"id":4675,"date":"2013-06-21T20:28:01","date_gmt":"2013-06-21T20:28:01","guid":{"rendered":"http:\/\/acfo-acaf.com\/?page_id=1565"},"modified":"2026-08-17T12:55:16","modified_gmt":"2026-08-17T12:55:16","slug":"home","status":"publish","type":"page","link":"https:\/\/www.acfo-acaf.com\/fr\/","title":{"rendered":"Accueil"},"content":{"rendered":"<div class='acfoSection homeHeader__wrap'><div class='homeHeader'>\n  <div class='homeHeader__content'>\n    <h1>ACFO-ACAF<\/h1>\n    <div class='homeHeader__intro'>Le plus grand syndicat de l\u2019Am\u00e9rique du Nord qui repr\u00e9sente exclusivement les comptables, les contr\u00f4leurs, les auditeurs et les professionnels des finances.<\/div>\n    <div class='homeHeader__ctaWrap'><a class='homeHeader__cta yellowButton' href='https:\/\/www.acfo-acaf.com\/fr\/conventions-collectives-154\/'>Acc\u00e9dez \u00e0 votre convention collective ici<\/a><\/div>\n  <\/div>\n  <div class='homeHeader__imgWrap'><picture><source media='(min-width:800px)' sizes='(max-width: 1180px) 50vw, 590px' srcset='https:\/\/www.acfo-acaf.com\/wp-content\/uploads\/2026\/06\/CTSymposium2025-Day1-417-WEB-512x512.jpg 512w,https:\/\/www.acfo-acaf.com\/wp-content\/uploads\/2026\/06\/CTSymposium2025-Day1-417-WEB-750x750.jpg 750w,https:\/\/www.acfo-acaf.com\/wp-content\/uploads\/2026\/06\/CTSymposium2025-Day1-417-WEB-1024x1024.jpg 1024w,https:\/\/www.acfo-acaf.com\/wp-content\/uploads\/2026\/06\/CTSymposium2025-Day1-417-WEB-1440x1365.jpg 1440w,https:\/\/www.acfo-acaf.com\/wp-content\/uploads\/2026\/06\/CTSymposium2025-Day1-417-WEB.jpg 2048w' \/><source sizes='100vw' srcset='https:\/\/www.acfo-acaf.com\/wp-content\/uploads\/2026\/06\/CTSymposium2025-Day1-417-WEB-128x64.jpg 128w,https:\/\/www.acfo-acaf.com\/wp-content\/uploads\/2026\/06\/CTSymposium2025-Day1-417-WEB-256x128.jpg 256w,https:\/\/www.acfo-acaf.com\/wp-content\/uploads\/2026\/06\/CTSymposium2025-Day1-417-WEB-512x256.jpg 512w,https:\/\/www.acfo-acaf.com\/wp-content\/uploads\/2026\/06\/CTSymposium2025-Day1-417-WEB-750x375.jpg 750w,https:\/\/www.acfo-acaf.com\/wp-content\/uploads\/2026\/06\/CTSymposium2025-Day1-417-WEB-1024x512.jpg 1024w,https:\/\/www.acfo-acaf.com\/wp-content\/uploads\/2026\/06\/CTSymposium2025-Day1-417-WEB-1440x720.jpg 1440w,https:\/\/www.acfo-acaf.com\/wp-content\/uploads\/2026\/06\/CTSymposium2025-Day1-417-WEB-2048x1024.jpg 2048w' \/><img src='https:\/\/www.acfo-acaf.com\/wp-content\/uploads\/2026\/06\/CTSymposium2025-Day1-417-WEB-128x128.jpg' alt='' class='homeHeader__image' \/><\/picture><\/div>\n\n  <script>document.body.classList.add('lockSearch')<\/script>\n<\/div><\/div>\n\n<div class='acfoSection sectionWrap sectionWrap--cardGrid sectionWrap--cardGrid-ofThree sectionWrap--color-white' ><div class='section section--cardGrid '><div class='cardGrid__header'>\n        <h2 class='sectionTitle cardGrid__title'>Derni\u00e8res nouvelles et \u00e9v\u00e9nements<\/h2>\n        \n        <div class='linkWrap--arrow cardGrid__linkButton'><a href='https:\/\/www.acfo-acaf.com\/fr\/' class='link--arrow link--hoverSlide' ><div class=''>Toutes nouvelles<span class=\"acfoArrow\"> \u2192<\/span><\/div><\/a><\/div>\n      <\/div>\n      \n      <div class='cardGrid__grid cardGrid__grid--ofThree card--color-grey' ><div class='card__wrap '>\n  <div class='card card--post'>\n    <div class='card__thumbWrap'><a href='https:\/\/www.acfo-acaf.com\/fr\/bientot-cet-automne-des-rencontres-sociales-gratuites-pour-les-membres-des-activites-familiales-et-bien-plus-encore\/' class='card__thumbLink'><img src='https:\/\/www.acfo-acaf.com\/wp-content\/uploads\/2026\/09\/ACFO-ACAF-STU2025-224-WEB-128x96.jpg' srcset='https:\/\/www.acfo-acaf.com\/wp-content\/uploads\/2026\/09\/ACFO-ACAF-STU2025-224-WEB-128x96.jpg 128w,https:\/\/www.acfo-acaf.com\/wp-content\/uploads\/2026\/09\/ACFO-ACAF-STU2025-224-WEB-256x192.jpg 256w,https:\/\/www.acfo-acaf.com\/wp-content\/uploads\/2026\/09\/ACFO-ACAF-STU2025-224-WEB-512x384.jpg 512w,https:\/\/www.acfo-acaf.com\/wp-content\/uploads\/2026\/09\/ACFO-ACAF-STU2025-224-WEB-750x562.jpg 750w,https:\/\/www.acfo-acaf.com\/wp-content\/uploads\/2026\/09\/ACFO-ACAF-STU2025-224-WEB-1024x768.jpg 1024w,https:\/\/www.acfo-acaf.com\/wp-content\/uploads\/2026\/09\/ACFO-ACAF-STU2025-224-WEB-1440x1080.jpg 1440w,https:\/\/www.acfo-acaf.com\/wp-content\/uploads\/2026\/09\/ACFO-ACAF-STU2025-224-WEB.jpg 2048w' sizes='(max-width: 639px) 100vw, (max-width: 999px) 50vw, (max-width: 1180px) 33vw, 394px' class='card__thumb' alt='' \/><\/a><\/div>\n\n    <div class='card__content'>\n      <div class='card__contentHeader'><ul class='card__categories' aria-label='Cat\u00e9gories'><li><a href='https:\/\/www.acfo-acaf.com\/fr\/category\/mise-jour\/'>Mise \u00e0 jour<\/a><\/li><\/ul><div class=\"card__date\">le 1 sept. 2026<\/div><\/div>\n      <h3 class='card__title'><a href='https:\/\/www.acfo-acaf.com\/fr\/bientot-cet-automne-des-rencontres-sociales-gratuites-pour-les-membres-des-activites-familiales-et-bien-plus-encore\/'>Bient\u00f4t\u00a0cet\u00a0automne\u202f:\u00a0des\u00a0rencontres\u00a0sociales\u00a0gratuites\u00a0pour les\u00a0membres,\u00a0des activit\u00e9s\u00a0familiales\u00a0et bien plus encore\u00a0\u00a0<\/a><\/h3>\n      <p class='card__excerpt'>Apr\u00e8s une ann\u00e9e 2026 difficile pour une grande partie de la communaut\u00e9 de l\u2019ACFO-ACAF, nous sommes heureux de vous pr\u00e9senter&nbsp;notre [&hellip;]<\/p>\n      \n      <ul class='card__groups' aria-label='Groupes'><li><a href='https:\/\/www.acfo-acaf.com\/fr\/group\/cdc-finance\/'>CdC Finance<\/a>, <\/li><li><a href='https:\/\/www.acfo-acaf.com\/fr\/group\/ct-eav-fr\/'>CT-EAV<\/a>, <\/li><li><a href='https:\/\/www.acfo-acaf.com\/fr\/group\/ct-fin-fr\/'>CT-FIN<\/a>, <\/li><li><a href='https:\/\/www.acfo-acaf.com\/fr\/group\/ct-iau-fr\/'>CT-IAU<\/a>, <\/li><li><a href='https:\/\/www.acfo-acaf.com\/fr\/group\/nav-canada-fl-fr\/'>FI de NAV Canada<\/a><\/li><\/ul>\n    <\/div>\n  <\/div>\n<\/div><div class='card__wrap '>\n  <div class='card card--post'>\n    <div class='card__thumbWrap'><a href='https:\/\/www.acfo-acaf.com\/fr\/joignez-vous-a-nous-pour-une-rencontre-locale-a-fredericton\/' class='card__thumbLink'><img src='https:\/\/www.acfo-acaf.com\/wp-content\/uploads\/2024\/05\/ACFO-WinterMeet-113-PRINT-128x96.jpg' srcset='https:\/\/www.acfo-acaf.com\/wp-content\/uploads\/2024\/05\/ACFO-WinterMeet-113-PRINT-128x96.jpg 128w,https:\/\/www.acfo-acaf.com\/wp-content\/uploads\/2024\/05\/ACFO-WinterMeet-113-PRINT-256x192.jpg 256w,https:\/\/www.acfo-acaf.com\/wp-content\/uploads\/2024\/05\/ACFO-WinterMeet-113-PRINT-512x384.jpg 512w,https:\/\/www.acfo-acaf.com\/wp-content\/uploads\/2024\/05\/ACFO-WinterMeet-113-PRINT-750x562.jpg 750w,https:\/\/www.acfo-acaf.com\/wp-content\/uploads\/2024\/05\/ACFO-WinterMeet-113-PRINT-1024x768.jpg 1024w,https:\/\/www.acfo-acaf.com\/wp-content\/uploads\/2024\/05\/ACFO-WinterMeet-113-PRINT-1440x1080.jpg 1440w,https:\/\/www.acfo-acaf.com\/wp-content\/uploads\/2024\/05\/ACFO-WinterMeet-113-PRINT-2048x1536.jpg 2048w' sizes='(max-width: 639px) 100vw, (max-width: 999px) 50vw, (max-width: 1180px) 33vw, 394px' class='card__thumb' alt='' \/><\/a><\/div>\n\n    <div class='card__content'>\n      <div class='card__contentHeader'><ul class='card__categories' aria-label='Cat\u00e9gories'><li><a href='https:\/\/www.acfo-acaf.com\/fr\/category\/groupe-ct\/'>Groupe CT<\/a><\/li><li><a href='https:\/\/www.acfo-acaf.com\/fr\/category\/mise-jour\/'>Mise \u00e0 jour<\/a><\/li><\/ul><div class=\"card__date\">le 27 ao\u00fbt 2026<\/div><\/div>\n      <h3 class='card__title'><a href='https:\/\/www.acfo-acaf.com\/fr\/joignez-vous-a-nous-pour-une-rencontre-locale-a-fredericton\/'>Joignez-vous \u00e0 nous pour une rencontre locale \u00e0 Fredericton<\/a><\/h3>\n      <p class='card__excerpt'>L\u2019ACFO-ACAF est heureuse d\u2019offrir gratuitement \u00e0 ses membres une rencontre locale \u00e0 Fredericton&nbsp;le&nbsp;mercredi 9 septembre, de 12 h 00 \u00e0 [&hellip;]<\/p>\n      \n      <ul class='card__groups' aria-label='Groupes'><li><a href='https:\/\/www.acfo-acaf.com\/fr\/group\/ct-eav-fr\/'>CT-EAV<\/a>, <\/li><li><a href='https:\/\/www.acfo-acaf.com\/fr\/group\/ct-fin-fr\/'>CT-FIN<\/a>, <\/li><li><a href='https:\/\/www.acfo-acaf.com\/fr\/group\/ct-iau-fr\/'>CT-IAU<\/a><\/li><\/ul>\n    <\/div>\n  <\/div>\n<\/div><div class='card__wrap '>\n  <div class='card card--post'>\n    <div class='card__thumbWrap'><a href='https:\/\/www.acfo-acaf.com\/fr\/joignez-vous-a-nous-pour-une-rencontre-locale-a-victoria\/' class='card__thumbLink'><img src='https:\/\/www.acfo-acaf.com\/wp-content\/uploads\/2024\/04\/ACFO-WinterMeet-115-PRINT-128x96.jpg' srcset='https:\/\/www.acfo-acaf.com\/wp-content\/uploads\/2024\/04\/ACFO-WinterMeet-115-PRINT-128x96.jpg 128w,https:\/\/www.acfo-acaf.com\/wp-content\/uploads\/2024\/04\/ACFO-WinterMeet-115-PRINT-256x192.jpg 256w,https:\/\/www.acfo-acaf.com\/wp-content\/uploads\/2024\/04\/ACFO-WinterMeet-115-PRINT-512x384.jpg 512w,https:\/\/www.acfo-acaf.com\/wp-content\/uploads\/2024\/04\/ACFO-WinterMeet-115-PRINT-750x562.jpg 750w,https:\/\/www.acfo-acaf.com\/wp-content\/uploads\/2024\/04\/ACFO-WinterMeet-115-PRINT-1024x768.jpg 1024w,https:\/\/www.acfo-acaf.com\/wp-content\/uploads\/2024\/04\/ACFO-WinterMeet-115-PRINT-1440x1080.jpg 1440w,https:\/\/www.acfo-acaf.com\/wp-content\/uploads\/2024\/04\/ACFO-WinterMeet-115-PRINT-2048x1536.jpg 2048w' sizes='(max-width: 639px) 100vw, (max-width: 999px) 50vw, (max-width: 1180px) 33vw, 394px' class='card__thumb' alt='' \/><\/a><\/div>\n\n    <div class='card__content'>\n      <div class='card__contentHeader'><ul class='card__categories' aria-label='Cat\u00e9gories'><li><a href='https:\/\/www.acfo-acaf.com\/fr\/category\/groupe-ct\/'>Groupe CT<\/a><\/li><li><a href='https:\/\/www.acfo-acaf.com\/fr\/category\/mise-jour\/'>Mise \u00e0 jour<\/a><\/li><\/ul><div class=\"card__date\">le 27 ao\u00fbt 2026<\/div><\/div>\n      <h3 class='card__title'><a href='https:\/\/www.acfo-acaf.com\/fr\/joignez-vous-a-nous-pour-une-rencontre-locale-a-victoria\/'>Joignez-vous \u00e0 nous pour une rencontre locale \u00e0 Victoria<\/a><\/h3>\n      <p class='card__excerpt'>L\u2019ACFO-ACAF est heureuse d\u2019offrir gratuitement \u00e0 ses membres une rencontre locale \u00e0 Victoria&nbsp;le&nbsp;mercredi 21 octobre, de 12 h 00 \u00e0 [&hellip;]<\/p>\n      \n      <ul class='card__groups' aria-label='Groupes'><li><a href='https:\/\/www.acfo-acaf.com\/fr\/group\/ct-eav-fr\/'>CT-EAV<\/a>, <\/li><li><a href='https:\/\/www.acfo-acaf.com\/fr\/group\/ct-fin-fr\/'>CT-FIN<\/a>, <\/li><li><a href='https:\/\/www.acfo-acaf.com\/fr\/group\/ct-iau-fr\/'>CT-IAU<\/a><\/li><\/ul>\n    <\/div>\n  <\/div>\n<\/div><\/div><\/div><\/div>\n\n<div class='acfoSection sectionWrap sectionWrap--simpleLinkGrid  sectionWrap--color-yellow sectionWrap--withHeaderImage--full' ><div class='section__headerImageWrap section__headerImageWrap--full'><div class='section__headerImage'><img src='https:\/\/www.acfo-acaf.com\/wp-content\/uploads\/2024\/04\/ACFO-ACAF-TuneUp2023-173-WEB-128x53.jpg' srcset='https:\/\/www.acfo-acaf.com\/wp-content\/uploads\/2024\/04\/ACFO-ACAF-TuneUp2023-173-WEB-128x53.jpg 128w,https:\/\/www.acfo-acaf.com\/wp-content\/uploads\/2024\/04\/ACFO-ACAF-TuneUp2023-173-WEB-256x106.jpg 256w,https:\/\/www.acfo-acaf.com\/wp-content\/uploads\/2024\/04\/ACFO-ACAF-TuneUp2023-173-WEB-512x213.jpg 512w,https:\/\/www.acfo-acaf.com\/wp-content\/uploads\/2024\/04\/ACFO-ACAF-TuneUp2023-173-WEB-750x312.jpg 750w,https:\/\/www.acfo-acaf.com\/wp-content\/uploads\/2024\/04\/ACFO-ACAF-TuneUp2023-173-WEB-1024x426.jpg 1024w,https:\/\/www.acfo-acaf.com\/wp-content\/uploads\/2024\/04\/ACFO-ACAF-TuneUp2023-173-WEB-1440x600.jpg 1440w,https:\/\/www.acfo-acaf.com\/wp-content\/uploads\/2024\/04\/ACFO-ACAF-TuneUp2023-173-WEB-2048x853.jpg 2048w' size='(max-width: 1500px) 100vw, 1500px' alt='' \/><\/div><\/div><div class='section section--simpleLinkGrid '><div class='simpleLinkGrid'>\n      <div class='simpleLinkGrid__header'><div class='simpleLinkGrid__titleWrap'><h2 class='sectionTitle simpleLinkGrid__title'>Nos groupes<\/h2><\/div><div class='simpleLinkGrid__description sectionDescription'>Repr\u00e9sentant quatre classifications de professionnels de la finance et d\u2019audit, l\u2019ACFO-ACAF compte plus de 7 000 membres travaillant dans la fonction publique f\u00e9d\u00e9rale et \u00e0 NAV Canada, couverts par deux conventions collectives<\/div><\/div>\n      <div class='simpleLinkGrid__linksWrap'><ul class='simpleLinkGrid__links' ><li class='simpleLinkGrid__link'><h3><span class='simpleLinkGrid__linkTitle'>CT-EAV<\/span><\/h3><div class=\"simpleLinkGrid__linkDescription\">Anciennement AU, 250 CT-EAV exercent une fonction d\u2019audit externe au gouvernement f\u00e9d\u00e9ral du Canada.<\/div><div class='simpleLinkGrid__linkButton'><a href='https:\/\/www.acfo-acaf.com\/fr\/nos-groupes\/ct-eav\/' class=' link--hoverSlide' ><div class=''>Voir plus<span class=\"acfoArrow\"> \u2192<\/span><\/div><\/a><\/div><\/li><li class='simpleLinkGrid__link'><h3><span class='simpleLinkGrid__linkTitle'>CT-FIN<\/span><\/h3><div class=\"simpleLinkGrid__linkDescription\">Comptant pr\u00e8s de 6 000 personnes dans la fonction publique f\u00e9d\u00e9rale, les CT-FIN (anciennement FI) constituent le plus grand groupe de l\u2019ACFO-ACAF.<\/div><div class='simpleLinkGrid__linkButton'><a href='https:\/\/www.acfo-acaf.com\/fr\/nos-groupes\/ct-fin\/' class=' link--hoverSlide' ><div class=''>Voir plus<span class=\"acfoArrow\"> \u2192<\/span><\/div><\/a><\/div><\/li><li class='simpleLinkGrid__link'><h3><span class='simpleLinkGrid__linkTitle'>CT-IAU<\/span><\/h3><div class=\"simpleLinkGrid__linkDescription\">Faisant nagu\u00e8re partie de la classification AS, EC et IT, pr\u00e8s de 375 CT-IAU exercent une fonction d\u2019audit interne.<\/div><div class='simpleLinkGrid__linkButton'><a href='https:\/\/www.acfo-acaf.com\/fr\/nos-groupes\/ct-iau\/' class=' link--hoverSlide' ><div class=''>Voir plus<span class=\"acfoArrow\"> \u2192<\/span><\/div><\/a><\/div><\/li><li class='simpleLinkGrid__link'><h3><span class='simpleLinkGrid__linkTitle'>FI de NAV Canada<\/span><\/h3><div class=\"simpleLinkGrid__linkDescription\">R\u00e9gis par une convention collective distincte, 30 FI de NAV Canada sont repr\u00e9sent\u00e9s par l\u2019ACFO-ACAF.<\/div><div class='simpleLinkGrid__linkButton'><a href='https:\/\/www.acfo-acaf.com\/fr\/nos-groupes\/nav-canada-fis\/' class=' link--hoverSlide' ><div class=''>Voir plus<span class=\"acfoArrow\"> \u2192<\/span><\/div><\/a><\/div><\/li><\/ul><\/div>\n    <\/div><\/div><\/div>\n\n<div class='acfoSection sectionWrap sectionWrap--linkbox  sectionWrap--color-white sectionWrap--tinted sectionWrap--withHeaderImage--background' ><div class='section__headerImageWrap section__headerImageWrap--background'><div class='section__headerImage'><img src='https:\/\/www.acfo-acaf.com\/wp-content\/uploads\/2023\/05\/Background-Image-2-128x96.jpg' srcset='https:\/\/www.acfo-acaf.com\/wp-content\/uploads\/2023\/05\/Background-Image-2-128x96.jpg 128w,https:\/\/www.acfo-acaf.com\/wp-content\/uploads\/2023\/05\/Background-Image-2-256x192.jpg 256w,https:\/\/www.acfo-acaf.com\/wp-content\/uploads\/2023\/05\/Background-Image-2-512x384.jpg 512w,https:\/\/www.acfo-acaf.com\/wp-content\/uploads\/2023\/05\/Background-Image-2-750x562.jpg 750w,https:\/\/www.acfo-acaf.com\/wp-content\/uploads\/2023\/05\/Background-Image-2-1024x768.jpg 1024w,https:\/\/www.acfo-acaf.com\/wp-content\/uploads\/2023\/05\/Background-Image-2.jpg 1440w,https:\/\/www.acfo-acaf.com\/wp-content\/uploads\/2023\/05\/Background-Image-2.jpg 2048w' size='(max-width: 1500px) 100vw, 1500px' alt='' \/><\/div><\/div><div class='section section--linkbox '><div class='linkbox linkbox--1col'><div class='linkbox__titleWrap'><h2 class='sectionTitle linkbox__title'>Centre de soutien aux membres<\/h2><\/div><div class='linkbox__description sectionDescription'>Le bien-\u00eatre de nos membres est notre priorit\u00e9. Gr\u00e2ce \u00e0 nos nombreux services et \u00e0 l\u2019importance que nous accordons \u00e0 la r\u00e9solution des probl\u00e8mes au niveau le plus bas possible, nous travaillons avec vous de sorte que tout probl\u00e8me pouvant survenir sur le lieu de travail puisse \u00eatre r\u00e9solu aussi rapidement et amicalement que possible.<div class='linkWrap--button linkbox__linkWrap'><a href='https:\/\/www.acfo-acaf.com\/fr\/centre-de-soutien-aux-membres\/' class='yellowButton' ><div class=''>En savoir plus<\/div><\/a><\/div><\/div><\/div><\/div><\/div>\n\n<div class='acfoSection sectionWrap sectionWrap--linkbox  sectionWrap--color-grey sectionWrap--withHeaderImage--inline' ><div class='section__headerImageWrap section__headerImageWrap--inline'><div class='section__headerImage'><img src='https:\/\/www.acfo-acaf.com\/wp-content\/uploads\/2023\/05\/image-groups-hero-5-128x64.jpg' srcset='https:\/\/www.acfo-acaf.com\/wp-content\/uploads\/2023\/05\/image-groups-hero-5-128x64.jpg 128w,https:\/\/www.acfo-acaf.com\/wp-content\/uploads\/2023\/05\/image-groups-hero-5-256x128.jpg 256w,https:\/\/www.acfo-acaf.com\/wp-content\/uploads\/2023\/05\/image-groups-hero-5-512x256.jpg 512w,https:\/\/www.acfo-acaf.com\/wp-content\/uploads\/2023\/05\/image-groups-hero-5-750x375.jpg 750w,https:\/\/www.acfo-acaf.com\/wp-content\/uploads\/2023\/05\/image-groups-hero-5-1024x512.jpg 1024w,https:\/\/www.acfo-acaf.com\/wp-content\/uploads\/2023\/05\/image-groups-hero-5.jpg 1440w,https:\/\/www.acfo-acaf.com\/wp-content\/uploads\/2023\/05\/image-groups-hero-5.jpg 2048w' size='(max-width: 1180px) 100vw, 1180px' alt='' \/><\/div><\/div><div class='section section--linkbox '><div class='linkbox linkbox--2col'><div class='linkbox__titleWrap'><h2 class='sectionTitle linkbox__title'>Votre convention collective<\/h2><\/div><div class='linkbox__description sectionDescription'>Vous cherchez la convention collective de votre groupe? Vous la trouverez ici. Vous trouverez aussi les conventions ant\u00e9rieures et d\u2019importantes mises \u00e0 jour sur les n\u00e9gociations.<div class='linkWrap--arrow linkbox__linkWrap'><a href='https:\/\/www.acfo-acaf.com\/fr\/conventions-collectives-154\/' class='link--arrow link--hoverSlide' ><div class=''>En savoir plus<span class=\"acfoArrow\"> \u2192<\/span><\/div><\/a><\/div><\/div><\/div><\/div><\/div>\n\n<div class='acfoSection sectionWrap sectionWrap--xl sectionWrap--minidash sectionWrap--color-white' ><div class='section section--minidash'><div class='minidash__contents'><div class='minidash__bgWrap'><img class='minidash__bg' alt='' src='https:\/\/www.acfo-acaf.com\/wp-content\/uploads\/2023\/05\/Background-Image-1-128x64.jpg' sizes='(max-width: 1500px) 100vw, 1500px' srcset='https:\/\/www.acfo-acaf.com\/wp-content\/uploads\/2023\/05\/Background-Image-1-128x64.jpg 128w,https:\/\/www.acfo-acaf.com\/wp-content\/uploads\/2023\/05\/Background-Image-1-256x128.jpg 256w,https:\/\/www.acfo-acaf.com\/wp-content\/uploads\/2023\/05\/Background-Image-1-512x256.jpg 512w,https:\/\/www.acfo-acaf.com\/wp-content\/uploads\/2023\/05\/Background-Image-1-750x375.jpg 750w,https:\/\/www.acfo-acaf.com\/wp-content\/uploads\/2023\/05\/Background-Image-1-1024x512.jpg 1024w,https:\/\/www.acfo-acaf.com\/wp-content\/uploads\/2023\/05\/Background-Image-1.jpg 1440w,https:\/\/www.acfo-acaf.com\/wp-content\/uploads\/2023\/05\/Background-Image-1.jpg 2048w' \/><\/div><div class='minidash__panel' ><div class='minidash__header'><img src='https:\/\/www.acfo-acaf.com\/wp-content\/themes\/acfo\/assets\/img\/icon\/membership.svg' class='minidash__icon acfoIcon' alt=\"Ic\u00f4ne de membre\"\/><h3 class='minidash__title'>Votre adh\u00e9sion<\/h3><div class='minidash__description'>Si vous payez une cotisation \u00e0 l\u2019ACFO-ACAF, renseignez-vous sur les avantages de votre adh\u00e9sion et assurez-vous de recevoir les nouvelles importantes de l\u2019ACFO-ACAF dans votre bo\u00eete de r\u00e9ception.<\/div><\/div><div class='minidash__links'><div class='minidash__primaryLinkWrap'><div class='minidash__primaryLinkWrap'><a href='https:\/\/www.acfo-acaf.com\/fr\/services-aux-membres\/gestion-de-votre-adhesion\/' class='minidash__primaryLink' ><div class=''>Gestion de votre adh\u00e9sion<\/div><\/a><\/div><\/div><div class='minidash__linkListWrap'><ul class='minidash__linkList'><li class='minidash__linktem'><div class=''><a href='https:\/\/www.acfo-acaf.com\/fr\/services-aux-membres\/avantages-reserves-membres\/' class='minidash__link link--hoverSlide' ><div class=''><span class='minidash__linkTitle'>Avantages r\u00e9serv\u00e9s aux membres<\/span><span class=\"acfoArrow\"> \u2192<\/span><\/div><\/a><\/div><\/li><li class='minidash__linktem'><div class=''><a href='https:\/\/www.acfo-acaf.com\/fr\/services-aux-membres\/nouveaux-membres\/' class='minidash__link link--hoverSlide' ><div class=''><span class='minidash__linkTitle'>Renseignements pour les nouveaux membres<\/span><span class=\"acfoArrow\"> \u2192<\/span><\/div><\/a><\/div><\/li><\/ul><\/div><\/div><\/div><\/div><\/div><\/div>\n\n<div class='acfoSection sectionWrap sectionWrap--linkbox  sectionWrap--collapseTop sectionWrap--color-white sectionWrap--withHeaderImage--inline' ><div class='section__headerImageWrap section__headerImageWrap--inline'><div class='section__headerImage'><img src='https:\/\/www.acfo-acaf.com\/wp-content\/uploads\/2026\/06\/ACFO-ACAF-2025AGM-87-WEB-128x64.jpg' srcset='https:\/\/www.acfo-acaf.com\/wp-content\/uploads\/2026\/06\/ACFO-ACAF-2025AGM-87-WEB-128x64.jpg 128w,https:\/\/www.acfo-acaf.com\/wp-content\/uploads\/2026\/06\/ACFO-ACAF-2025AGM-87-WEB-256x128.jpg 256w,https:\/\/www.acfo-acaf.com\/wp-content\/uploads\/2026\/06\/ACFO-ACAF-2025AGM-87-WEB-512x256.jpg 512w,https:\/\/www.acfo-acaf.com\/wp-content\/uploads\/2026\/06\/ACFO-ACAF-2025AGM-87-WEB-750x375.jpg 750w,https:\/\/www.acfo-acaf.com\/wp-content\/uploads\/2026\/06\/ACFO-ACAF-2025AGM-87-WEB-1024x512.jpg 1024w,https:\/\/www.acfo-acaf.com\/wp-content\/uploads\/2026\/06\/ACFO-ACAF-2025AGM-87-WEB-1440x720.jpg 1440w,https:\/\/www.acfo-acaf.com\/wp-content\/uploads\/2026\/06\/ACFO-ACAF-2025AGM-87-WEB-2048x1024.jpg 2048w' size='(max-width: 1180px) 100vw, 1180px' alt='' \/><\/div><\/div><div class='section section--linkbox '><div class='linkbox linkbox--2col'><div class='linkbox__titleWrap'><h2 class='sectionTitle linkbox__title'>Perfectionnement professionnel<\/h2><\/div><div class='linkbox__description sectionDescription'>L\u2019ACFO-ACAF s\u2019engage \u00e0 garantir et \u00e0 offrir des possibilit\u00e9s de formation de perfectionnement professionnel de haute qualit\u00e9 sp\u00e9cifiquement destin\u00e9es aux professionnels de la finance et de l\u2019audit, offertes dans un m\u00e9lange de cours en classe, de journ\u00e9es de d\u00e9veloppement \u00e0 grande \u00e9chelle et de webinaires.<div class='linkWrap--button linkbox__linkWrap'><a href='https:\/\/pd.acfo-acaf.com\/fr\/' class='yellowButton'  rel=\"noopener noreferer\" target=\"_blank\" ><div class=''>Visiter le portail de perfectionnement professionnel<\/div><\/a><\/div><\/div><\/div><\/div><\/div>\n\n<div class='acfoSection sectionWrap sectionWrap--linkbox  sectionWrap--color-grey' ><div class='section section--linkbox '><div class='linkbox linkbox--2col'><div class='linkbox__titleWrap'><h2 class='sectionTitle linkbox__title'>\u00c0 notre sujet<\/h2><\/div><div class='linkbox__description sectionDescription'>L\u2019Association canadienne des agents financiers (ACFO-ACAF) est le plus grand syndicat de l\u2019Am\u00e9rique du Nord qui repr\u00e9sente exclusivement les comptables, les contr\u00f4leurs, les auditeurs et les professionnels des finances.<div class='linkWrap--arrow linkbox__linkWrap'><a href='https:\/\/www.acfo-acaf.com\/fr\/point-negociations-collectives-equipes-cahiers-revendications-pour-fonction\/' class='link--arrow link--hoverSlide' ><div class=''>Lire la suite<span class=\"acfoArrow\"> \u2192<\/span><\/div><\/a><\/div><\/div><\/div><\/div><\/div>","protected":false},"excerpt":{"rendered":"","protected":false},"author":2,"featured_media":0,"parent":0,"menu_order":0,"comment_status":"closed","ping_status":"closed","template":"","meta":{"_acf_changed":false,"footnotes":""},"class_list":["post-4675","page","type-page","status-publish","hentry"],"acf":[],"_links":{"self":[{"href":"https:\/\/www.acfo-acaf.com\/fr\/wp-json\/wp\/v2\/pages\/4675","targetHints":{"allow":["GET"]}}],"collection":[{"href":"https:\/\/www.acfo-acaf.com\/fr\/wp-json\/wp\/v2\/pages"}],"about":[{"href":"https:\/\/www.acfo-acaf.com\/fr\/wp-json\/wp\/v2\/types\/page"}],"author":[{"embeddable":true,"href":"https:\/\/www.acfo-acaf.com\/fr\/wp-json\/wp\/v2\/users\/2"}],"replies":[{"embeddable":true,"href":"https:\/\/www.acfo-acaf.com\/fr\/wp-json\/wp\/v2\/comments?post=4675"}],"version-history":[{"count":1,"href":"https:\/\/www.acfo-acaf.com\/fr\/wp-json\/wp\/v2\/pages\/4675\/revisions"}],"predecessor-version":[{"id":7210,"href":"https:\/\/www.acfo-acaf.com\/fr\/wp-json\/wp\/v2\/pages\/4675\/revisions\/7210"}],"wp:attachment":[{"href":"https:\/\/www.acfo-acaf.com\/fr\/wp-json\/wp\/v2\/media?parent=4675"}],"curies":[{"name":"wp","href":"https:\/\/api.w.org\/{rel}","templated":true}]}}