{"id":4793,"date":"2023-05-24T18:55:50","date_gmt":"2023-05-24T18:55:50","guid":{"rendered":"https:\/\/acfo2023.wpengine.com\/news-commentary\/"},"modified":"2026-08-25T21:16:48","modified_gmt":"2026-08-25T21:16:48","slug":"nouvelles-et-commentaires","status":"publish","type":"page","link":"https:\/\/www.acfo-acaf.com\/fr\/nouvelles-et-commentaires\/","title":{"rendered":"Nouvelles et commentaires"},"content":{"rendered":"<div class='acfoSection pageHeader__wrap'><div class='pageHeader pageHeader--standard'><h1>Nouvelles et commentaires<\/h1><div class='pageHeader__intro'>Qu\u2019il s\u2019agisse de nouvelles sur la n\u00e9gociation ou d\u2019activit\u00e9s gratuites de perfectionnement professionnel, vous trouverez toutes les informations les plus r\u00e9centes pertinentes pour votre groupe ici. Si vous \u00eates membre de l\u2019ACFO-ACAF, vous pouvez \u00eatre parmi les premiers \u00e0 \u00eatre mis au courant de ces nouvelles en les recevant dans votre bo\u00eete de r\u00e9ception et en enregistrant votre adh\u00e9sion.<\/div><\/div><\/div>\n\n<div class='acfoSection sectionWrap sectionWrap--cardGrid sectionWrap--cardGrid-fullWidth sectionWrap--color-white' ><div class='section section--cardGrid '><div class='cardGrid__header'>\n        <h2 class='sectionTitle cardGrid__title'>Actualit\u00e9s<\/h2>\n        <div class='termFilters__wrap '><div class='termFilters '>\n      <div class='termFilter__wrap linkListDd__wrap'>\n        <div class='termFilter__toggleWrap linkListDd__toggleWrap'>\n          <button type='button' class='termFilter__toggle linkListDd__toggle' id='termFilter__toggle-0' aria-controls='termFilter__dd-0' aria-expanded='false'>Explorer par groupe<\/button>\n        <\/div>\n\n        <ul class='termFilter__dd linkListDd' id='termFilter__dd-0'>\n          <li class='termFilter__term linkListDd__item'><a href='https:\/\/www.acfo-acaf.com\/fr\/nouvelles-et-commentaires\/all-news-french\/'>Toutes les nouvelles<\/a><\/li>\n          <li class='termFilter__term linkListDd__item'><a href='https:\/\/www.acfo-acaf.com\/fr\/group\/ct-eav-fr\/'>CT-EAV<\/a><\/li><li class='termFilter__term linkListDd__item'><a href='https:\/\/www.acfo-acaf.com\/fr\/group\/ct-fin-fr\/'>CT-FIN<\/a><\/li><li class='termFilter__term linkListDd__item'><a href='https:\/\/www.acfo-acaf.com\/fr\/group\/ct-iau-fr\/'>CT-IAU<\/a><\/li><li class='termFilter__term linkListDd__item'><a href='https:\/\/www.acfo-acaf.com\/fr\/group\/cdc-finance\/'>CdC Finance<\/a><\/li><li class='termFilter__term linkListDd__item'><a href='https:\/\/www.acfo-acaf.com\/fr\/group\/nav-canada-fl-fr\/'>FI de NAV Canada<\/a><\/li>\n        <\/ul>\n    <\/div><div class='termFilter__wrap linkListDd__wrap'>\n        <div class='termFilter__toggleWrap linkListDd__toggleWrap'>\n          <button type='button' class='termFilter__toggle linkListDd__toggle' id='termFilter__toggle-1' aria-controls='termFilter__dd-1' aria-expanded='false'>Explorer par cat\u00e9gorie<\/button>\n        <\/div>\n\n        <ul class='termFilter__dd linkListDd' id='termFilter__dd-1'>\n          <li class='termFilter__term linkListDd__item'><a href='https:\/\/www.acfo-acaf.com\/fr\/nouvelles-et-commentaires\/all-news-french\/'>Toutes les nouvelles<\/a><\/li>\n          <li class='termFilter__term linkListDd__item'><a href='https:\/\/www.acfo-acaf.com\/fr\/category\/ca-travaille-a-distance\/'>#\u00c7aTravaille\u00c0Distance<\/a><\/li><li class='termFilter__term linkListDd__item'><a href='https:\/\/www.acfo-acaf.com\/fr\/category\/blogue-des-relations-de-travail\/'>Blogue des Relations de travail<\/a><\/li><li class='termFilter__term linkListDd__item'><a href='https:\/\/www.acfo-acaf.com\/fr\/category\/cdc-finance\/'>CDC Finance<\/a><\/li><li class='termFilter__term linkListDd__item'><a href='https:\/\/www.acfo-acaf.com\/fr\/category\/covid-fr\/'>COVID-FR<\/a><\/li><li class='termFilter__term linkListDd__item'><a href='https:\/\/www.acfo-acaf.com\/fr\/category\/commentaires-sujet-politique\/'>Commentaires au sujet de la politique<\/a><\/li><li class='termFilter__term linkListDd__item'><a href='https:\/\/www.acfo-acaf.com\/fr\/category\/communiques-de-presse\/'>Communiqu\u00e9s de Presse<\/a><\/li><li class='termFilter__term linkListDd__item'><a href='https:\/\/www.acfo-acaf.com\/fr\/category\/ediar-fr\/'>EDIAR<\/a><\/li><li class='termFilter__term linkListDd__item'><a href='https:\/\/www.acfo-acaf.com\/fr\/category\/groupe-ct\/'>Groupe CT<\/a><\/li><li class='termFilter__term linkListDd__item'><a href='https:\/\/www.acfo-acaf.com\/fr\/category\/lexcedent-du-fonds-de-pension\/'>L&#039;ex\u00e9dent du fonds de pension<\/a><\/li><li class='termFilter__term linkListDd__item'><a href='https:\/\/www.acfo-acaf.com\/fr\/category\/la-privatisation\/'>La privatisation<\/a><\/li><li class='termFilter__term linkListDd__item'><a href='https:\/\/www.acfo-acaf.com\/fr\/category\/le-coin-du-president\/'>Le Coin du pr\u00e9sident<\/a><\/li><li class='termFilter__term linkListDd__item'><a href='https:\/\/www.acfo-acaf.com\/fr\/category\/lequite-fiscale\/'>L\u2019\u00e9quit\u00e9 fiscale<\/a><\/li><li class='termFilter__term linkListDd__item'><a href='https:\/\/www.acfo-acaf.com\/fr\/category\/mise-jour\/'>Mise \u00e0 jour<\/a><\/li><li class='termFilter__term linkListDd__item'><a href='https:\/\/www.acfo-acaf.com\/fr\/category\/negociation-collective\/'>N\u00e9gociation collective<\/a><\/li><li class='termFilter__term linkListDd__item'><a href='https:\/\/www.acfo-acaf.com\/fr\/category\/parite-salariale\/'>Parit\u00e9 salariale<\/a><\/li><li class='termFilter__term linkListDd__item'><a href='https:\/\/www.acfo-acaf.com\/fr\/category\/perfectionnement-professionnel\/'>Perfectionnement professionnel<\/a><\/li><li class='termFilter__term linkListDd__item'><a href='https:\/\/www.acfo-acaf.com\/fr\/category\/phenix\/'>Ph\u00e9nix<\/a><\/li><li class='termFilter__term linkListDd__item'><a href='https:\/\/www.acfo-acaf.com\/fr\/category\/protection-des-denonciateurs\/'>Protection des d\u00e9nonciateurs<\/a><\/li><li class='termFilter__term linkListDd__item'><a href='https:\/\/www.acfo-acaf.com\/fr\/category\/publications-et-recherche\/'>Publications et recherche<\/a><\/li><li class='termFilter__term linkListDd__item'><a href='https:\/\/www.acfo-acaf.com\/fr\/category\/reamenagement-des-effectifs\/'>R\u00e9am\u00e9nagement des effectifs<\/a><\/li><li class='termFilter__term linkListDd__item'><a href='https:\/\/www.acfo-acaf.com\/fr\/category\/reforme-de-la-classification\/'>R\u00e9forme de la classification<\/a><\/li><li class='termFilter__term linkListDd__item'><a href='https:\/\/www.acfo-acaf.com\/fr\/category\/teletravail\/'>T\u00e9l\u00e9travail<\/a><\/li>\n        <\/ul>\n    <\/div>\n    <\/div><\/div>\n        \n      <\/div>\n      \n      <div class='cardGrid__grid cardGrid__grid--fullWidth card--color-grey' ><div class='card__wrap '>\n  <div class='card card--post'>\n    <div class='card__thumbWrap'><img src='https:\/\/www.acfo-acaf.com\/wp-content\/uploads\/2024\/05\/ACFO-WinterMeet-113-PRINT-128x96.jpg' srcset='https:\/\/www.acfo-acaf.com\/wp-content\/uploads\/2024\/05\/ACFO-WinterMeet-113-PRINT-128x96.jpg 128w,https:\/\/www.acfo-acaf.com\/wp-content\/uploads\/2024\/05\/ACFO-WinterMeet-113-PRINT-256x192.jpg 256w,https:\/\/www.acfo-acaf.com\/wp-content\/uploads\/2024\/05\/ACFO-WinterMeet-113-PRINT-512x384.jpg 512w,https:\/\/www.acfo-acaf.com\/wp-content\/uploads\/2024\/05\/ACFO-WinterMeet-113-PRINT-750x562.jpg 750w,https:\/\/www.acfo-acaf.com\/wp-content\/uploads\/2024\/05\/ACFO-WinterMeet-113-PRINT-1024x768.jpg 1024w,https:\/\/www.acfo-acaf.com\/wp-content\/uploads\/2024\/05\/ACFO-WinterMeet-113-PRINT-1440x1080.jpg 1440w,https:\/\/www.acfo-acaf.com\/wp-content\/uploads\/2024\/05\/ACFO-WinterMeet-113-PRINT-2048x1536.jpg 2048w' sizes='(max-width: 600px) 100vw, (max-width: 799px) 600(max-width: 1180px) 57vw, 672.6px' class='card__thumb' alt='' \/><\/div>\n\n    <div class='card__content'>\n      <div class='card__contentHeader'><ul class='card__categories' aria-label='Cat\u00e9gories'><li><a href='https:\/\/www.acfo-acaf.com\/fr\/category\/groupe-ct\/'>Groupe CT<\/a><\/li><li><a href='https:\/\/www.acfo-acaf.com\/fr\/category\/mise-jour\/'>Mise \u00e0 jour<\/a><\/li><\/ul><div class=\"card__date\">le 27 ao\u00fbt 2026<\/div><\/div>\n      <h3 class='card__title'><a href='https:\/\/www.acfo-acaf.com\/fr\/joignez-vous-a-nous-pour-une-rencontre-locale-a-fredericton\/'>Joignez-vous \u00e0 nous pour une rencontre locale \u00e0 Fredericton<\/a><\/h3>\n      <p class='card__excerpt'>L\u2019ACFO-ACAF est heureuse d\u2019offrir gratuitement \u00e0 ses membres une rencontre locale \u00e0 Fredericton&nbsp;le&nbsp;mercredi 9 septembre, de 12 h 00 \u00e0 [&hellip;]<\/p>\n      <div class='linkWrap--button card__linkWrap'><a href='https:\/\/www.acfo-acaf.com\/fr\/joignez-vous-a-nous-pour-une-rencontre-locale-a-fredericton\/' class='yellowButton' ><div class=''>Lire la suite<\/div><\/a><\/div>\n      <ul class='card__groups' aria-label='Groupes'><li><a href='https:\/\/www.acfo-acaf.com\/fr\/group\/ct-eav-fr\/'>CT-EAV<\/a>, <\/li><li><a href='https:\/\/www.acfo-acaf.com\/fr\/group\/ct-fin-fr\/'>CT-FIN<\/a>, <\/li><li><a href='https:\/\/www.acfo-acaf.com\/fr\/group\/ct-iau-fr\/'>CT-IAU<\/a><\/li><\/ul>\n    <\/div>\n  <\/div>\n<\/div><div class='card__wrap '>\n  <div class='card card--post'>\n    <div class='card__thumbWrap'><img src='https:\/\/www.acfo-acaf.com\/wp-content\/uploads\/2024\/04\/ACFO-WinterMeet-115-PRINT-128x96.jpg' srcset='https:\/\/www.acfo-acaf.com\/wp-content\/uploads\/2024\/04\/ACFO-WinterMeet-115-PRINT-128x96.jpg 128w,https:\/\/www.acfo-acaf.com\/wp-content\/uploads\/2024\/04\/ACFO-WinterMeet-115-PRINT-256x192.jpg 256w,https:\/\/www.acfo-acaf.com\/wp-content\/uploads\/2024\/04\/ACFO-WinterMeet-115-PRINT-512x384.jpg 512w,https:\/\/www.acfo-acaf.com\/wp-content\/uploads\/2024\/04\/ACFO-WinterMeet-115-PRINT-750x562.jpg 750w,https:\/\/www.acfo-acaf.com\/wp-content\/uploads\/2024\/04\/ACFO-WinterMeet-115-PRINT-1024x768.jpg 1024w,https:\/\/www.acfo-acaf.com\/wp-content\/uploads\/2024\/04\/ACFO-WinterMeet-115-PRINT-1440x1080.jpg 1440w,https:\/\/www.acfo-acaf.com\/wp-content\/uploads\/2024\/04\/ACFO-WinterMeet-115-PRINT-2048x1536.jpg 2048w' sizes='(max-width: 600px) 100vw, (max-width: 799px) 600(max-width: 1180px) 57vw, 672.6px' class='card__thumb' alt='' \/><\/div>\n\n    <div class='card__content'>\n      <div class='card__contentHeader'><ul class='card__categories' aria-label='Cat\u00e9gories'><li><a href='https:\/\/www.acfo-acaf.com\/fr\/category\/groupe-ct\/'>Groupe CT<\/a><\/li><li><a href='https:\/\/www.acfo-acaf.com\/fr\/category\/mise-jour\/'>Mise \u00e0 jour<\/a><\/li><\/ul><div class=\"card__date\">le 27 ao\u00fbt 2026<\/div><\/div>\n      <h3 class='card__title'><a href='https:\/\/www.acfo-acaf.com\/fr\/joignez-vous-a-nous-pour-une-rencontre-locale-a-victoria\/'>Joignez-vous \u00e0 nous pour une rencontre locale \u00e0 Victoria<\/a><\/h3>\n      <p class='card__excerpt'>L\u2019ACFO-ACAF est heureuse d\u2019offrir gratuitement \u00e0 ses membres une rencontre locale \u00e0 Victoria&nbsp;le&nbsp;mercredi 21 octobre, de 12 h 00 \u00e0 [&hellip;]<\/p>\n      <div class='linkWrap--button card__linkWrap'><a href='https:\/\/www.acfo-acaf.com\/fr\/joignez-vous-a-nous-pour-une-rencontre-locale-a-victoria\/' class='yellowButton' ><div class=''>Lire la suite<\/div><\/a><\/div>\n      <ul class='card__groups' aria-label='Groupes'><li><a href='https:\/\/www.acfo-acaf.com\/fr\/group\/ct-eav-fr\/'>CT-EAV<\/a>, <\/li><li><a href='https:\/\/www.acfo-acaf.com\/fr\/group\/ct-fin-fr\/'>CT-FIN<\/a>, <\/li><li><a href='https:\/\/www.acfo-acaf.com\/fr\/group\/ct-iau-fr\/'>CT-IAU<\/a><\/li><\/ul>\n    <\/div>\n  <\/div>\n<\/div><div class='banner__wrap '><div class='banner '>\n      <div class='banner__bgWrap banner__bgWrap--tinted'><img class='banner__bg' src='https:\/\/www.acfo-acaf.com\/wp-content\/uploads\/2026\/04\/ACFO-ACAF-STU2025-29-WEB-128x53.jpg' sizes='(max-width: 1500px) 100vw, 1500px' srcset='https:\/\/www.acfo-acaf.com\/wp-content\/uploads\/2026\/04\/ACFO-ACAF-STU2025-29-WEB-128x53.jpg 128w,https:\/\/www.acfo-acaf.com\/wp-content\/uploads\/2026\/04\/ACFO-ACAF-STU2025-29-WEB-256x106.jpg 256w,https:\/\/www.acfo-acaf.com\/wp-content\/uploads\/2026\/04\/ACFO-ACAF-STU2025-29-WEB-512x213.jpg 512w,https:\/\/www.acfo-acaf.com\/wp-content\/uploads\/2026\/04\/ACFO-ACAF-STU2025-29-WEB-750x312.jpg 750w,https:\/\/www.acfo-acaf.com\/wp-content\/uploads\/2026\/04\/ACFO-ACAF-STU2025-29-WEB-1024x426.jpg 1024w,https:\/\/www.acfo-acaf.com\/wp-content\/uploads\/2026\/04\/ACFO-ACAF-STU2025-29-WEB-1440x600.jpg 1440w,https:\/\/www.acfo-acaf.com\/wp-content\/uploads\/2026\/04\/ACFO-ACAF-STU2025-29-WEB-2048x853.jpg 2048w' \/><\/div>\n\n      <div class='banner__content'>\n        <h3 class='banner__heading'>Prochaines activit\u00e9s<\/h3>\n        <div class='banner__byline'>les 7 et 8 octobre 2026<\/div>\n        <h4 class='banner__subtitle'>Symposium des CT de 2026 : L&#039;art de l&#039;adaptation<\/h4>\n        <p class='banner__desc'>Le Symposium annuel des CT de l\u2019ACFO-ACAF sera de retour les 7 et 8 octobre 2026. C\u2019est l\u2019occasion d\u2019assister \u00e0 une conf\u00e9rence incontournable, con\u00e7ue sur le mod\u00e8le de notre prestigieuse Mise au point du printemps et d\u2019obtenir les heures de FPC \u00e0 un prix tr\u00e8s abordable.\r\n<\/p>\n        <div class='linkWrap--button banner__linkWrap'><a href='https:\/\/pd.acfo-acaf.com\/fr\/symposium-des-ct-2026\/' class='yellowButton banner__link'  rel=\"noopener noreferer\" target=\"_blank\" ><div class=''>En savoir plus<\/div><\/a><\/div>\n      <\/div>\n    <\/div><\/div><div class='card__wrap '>\n  <div class='card card--post'>\n    <div class='card__thumbWrap'><img src='https:\/\/www.acfo-acaf.com\/wp-content\/uploads\/2023\/06\/fred-moon-0yqa0rMCsYk-unsplash-1-128x96.jpg' srcset='https:\/\/www.acfo-acaf.com\/wp-content\/uploads\/2023\/06\/fred-moon-0yqa0rMCsYk-unsplash-1-128x96.jpg 128w,https:\/\/www.acfo-acaf.com\/wp-content\/uploads\/2023\/06\/fred-moon-0yqa0rMCsYk-unsplash-1-256x192.jpg 256w,https:\/\/www.acfo-acaf.com\/wp-content\/uploads\/2023\/06\/fred-moon-0yqa0rMCsYk-unsplash-1-512x384.jpg 512w,https:\/\/www.acfo-acaf.com\/wp-content\/uploads\/2023\/06\/fred-moon-0yqa0rMCsYk-unsplash-1.jpg 750w,https:\/\/www.acfo-acaf.com\/wp-content\/uploads\/2023\/06\/fred-moon-0yqa0rMCsYk-unsplash-1.jpg 1024w,https:\/\/www.acfo-acaf.com\/wp-content\/uploads\/2023\/06\/fred-moon-0yqa0rMCsYk-unsplash-1.jpg 1440w,https:\/\/www.acfo-acaf.com\/wp-content\/uploads\/2023\/06\/fred-moon-0yqa0rMCsYk-unsplash-1.jpg 2048w' sizes='(max-width: 600px) 100vw, (max-width: 799px) 600(max-width: 1180px) 57vw, 672.6px' class='card__thumb' alt='' \/><\/div>\n\n    <div class='card__content'>\n      <div class='card__contentHeader'><ul class='card__categories' aria-label='Cat\u00e9gories'><li><a href='https:\/\/www.acfo-acaf.com\/fr\/category\/mise-jour\/'>Mise \u00e0 jour<\/a><\/li><\/ul><div class=\"card__date\">le 27 ao\u00fbt 2026<\/div><\/div>\n      <h3 class='card__title'><a href='https:\/\/www.acfo-acaf.com\/fr\/rencontres-des-membres-de-lacfo-acaf-rassembler-les-membres-des-regions\/'>Rencontres des membres de l\u2019ACFO-ACAF: Rassembler les membres des r\u00e9gions<\/a><\/h3>\n      <p class='card__excerpt'>Vous souhaitez organiser un d\u00eener-r\u00e9seautage, un caf\u00e9-rencontre, une soir\u00e9e du jeu de quilles, un rassemblement des f\u00eates ou un autre [&hellip;]<\/p>\n      <div class='linkWrap--button card__linkWrap'><a href='https:\/\/www.acfo-acaf.com\/fr\/rencontres-des-membres-de-lacfo-acaf-rassembler-les-membres-des-regions\/' class='yellowButton' ><div class=''>Lire la suite<\/div><\/a><\/div>\n      <ul class='card__groups' aria-label='Groupes'><li><a href='https:\/\/www.acfo-acaf.com\/fr\/group\/ct-eav-fr\/'>CT-EAV<\/a>, <\/li><li><a href='https:\/\/www.acfo-acaf.com\/fr\/group\/ct-fin-fr\/'>CT-FIN<\/a>, <\/li><li><a href='https:\/\/www.acfo-acaf.com\/fr\/group\/ct-iau-fr\/'>CT-IAU<\/a><\/li><\/ul>\n    <\/div>\n  <\/div>\n<\/div><div class='card__wrap '>\n  <div class='card card--post'>\n    <div class='card__thumbWrap'><img src='https:\/\/www.acfo-acaf.com\/wp-content\/uploads\/2026\/08\/ACFO-ACAF-STU2025-394-WEB-128x96.jpg' srcset='https:\/\/www.acfo-acaf.com\/wp-content\/uploads\/2026\/08\/ACFO-ACAF-STU2025-394-WEB-128x96.jpg 128w,https:\/\/www.acfo-acaf.com\/wp-content\/uploads\/2026\/08\/ACFO-ACAF-STU2025-394-WEB-256x192.jpg 256w,https:\/\/www.acfo-acaf.com\/wp-content\/uploads\/2026\/08\/ACFO-ACAF-STU2025-394-WEB-512x384.jpg 512w,https:\/\/www.acfo-acaf.com\/wp-content\/uploads\/2026\/08\/ACFO-ACAF-STU2025-394-WEB-750x562.jpg 750w,https:\/\/www.acfo-acaf.com\/wp-content\/uploads\/2026\/08\/ACFO-ACAF-STU2025-394-WEB-1024x768.jpg 1024w,https:\/\/www.acfo-acaf.com\/wp-content\/uploads\/2026\/08\/ACFO-ACAF-STU2025-394-WEB-1440x1080.jpg 1440w,https:\/\/www.acfo-acaf.com\/wp-content\/uploads\/2026\/08\/ACFO-ACAF-STU2025-394-WEB.jpg 2048w' sizes='(max-width: 600px) 100vw, (max-width: 799px) 600(max-width: 1180px) 57vw, 672.6px' class='card__thumb' alt='' \/><\/div>\n\n    <div class='card__content'>\n      <div class='card__contentHeader'><ul class='card__categories' aria-label='Cat\u00e9gories'><li><a href='https:\/\/www.acfo-acaf.com\/fr\/category\/mise-jour\/'>Mise \u00e0 jour<\/a><\/li><li><a href='https:\/\/www.acfo-acaf.com\/fr\/category\/perfectionnement-professionnel\/'>Perfectionnement professionnel<\/a><\/li><\/ul><div class=\"card__date\">le 26 ao\u00fbt 2026<\/div><\/div>\n      <h3 class='card__title'><a href='https:\/\/www.acfo-acaf.com\/fr\/symposium-des-ct-de-2026-derniere-chance-pour-acheter-des-billets-a-prix-reduit\/'>Symposium des CT de 2026 : Derni\u00e8re chance pour acheter des billets \u00e0 prix r\u00e9duit<\/a><\/h3>\n      <p class='card__excerpt'>Le 7e Symposium annuel des CT revient au Centre Rogers \u00e0 Ottawa les 7 et 8 octobre, et la date [&hellip;]<\/p>\n      <div class='linkWrap--button card__linkWrap'><a href='https:\/\/www.acfo-acaf.com\/fr\/symposium-des-ct-de-2026-derniere-chance-pour-acheter-des-billets-a-prix-reduit\/' class='yellowButton' ><div class=''>Lire la suite<\/div><\/a><\/div>\n      <ul class='card__groups' aria-label='Groupes'><li><a href='https:\/\/www.acfo-acaf.com\/fr\/group\/cdc-finance\/'>CdC Finance<\/a>, <\/li><li><a href='https:\/\/www.acfo-acaf.com\/fr\/group\/ct-eav-fr\/'>CT-EAV<\/a>, <\/li><li><a href='https:\/\/www.acfo-acaf.com\/fr\/group\/ct-fin-fr\/'>CT-FIN<\/a>, <\/li><li><a href='https:\/\/www.acfo-acaf.com\/fr\/group\/ct-iau-fr\/'>CT-IAU<\/a>, <\/li><li><a href='https:\/\/www.acfo-acaf.com\/fr\/group\/nav-canada-fl-fr\/'>FI de NAV Canada<\/a><\/li><\/ul>\n    <\/div>\n  <\/div>\n<\/div><\/div><\/div><\/div>\n\n<div class='acfoSection sectionWrap sectionWrap--cardGrid sectionWrap--cardGrid-ofThree sectionWrap--color-white' ><div class='section section--cardGrid '><div class='cardGrid__header'>\n        <h2 class='sectionTitle cardGrid__title'>Mise \u00e0 jour<\/h2>\n        \n        <div class='linkWrap--arrow cardGrid__linkButton'><a href='https:\/\/www.acfo-acaf.com\/fr\/category\/mise-jour\/' class='link--arrow link--hoverSlide' ><div class=''>Plus de mises \u00e0 jour<span class=\"acfoArrow\"> \u2192<\/span><\/div><\/a><\/div>\n      <\/div>\n      \n      <div class='cardGrid__grid cardGrid__grid--ofThree card--color-grey' ><div class='card__wrap '>\n  <div class='card card--post'>\n    <div class='card__thumbWrap'><a href='https:\/\/www.acfo-acaf.com\/fr\/joignez-vous-a-nous-pour-une-rencontre-locale-a-fredericton\/' class='card__thumbLink'><img src='https:\/\/www.acfo-acaf.com\/wp-content\/uploads\/2024\/05\/ACFO-WinterMeet-113-PRINT-128x96.jpg' srcset='https:\/\/www.acfo-acaf.com\/wp-content\/uploads\/2024\/05\/ACFO-WinterMeet-113-PRINT-128x96.jpg 128w,https:\/\/www.acfo-acaf.com\/wp-content\/uploads\/2024\/05\/ACFO-WinterMeet-113-PRINT-256x192.jpg 256w,https:\/\/www.acfo-acaf.com\/wp-content\/uploads\/2024\/05\/ACFO-WinterMeet-113-PRINT-512x384.jpg 512w,https:\/\/www.acfo-acaf.com\/wp-content\/uploads\/2024\/05\/ACFO-WinterMeet-113-PRINT-750x562.jpg 750w,https:\/\/www.acfo-acaf.com\/wp-content\/uploads\/2024\/05\/ACFO-WinterMeet-113-PRINT-1024x768.jpg 1024w,https:\/\/www.acfo-acaf.com\/wp-content\/uploads\/2024\/05\/ACFO-WinterMeet-113-PRINT-1440x1080.jpg 1440w,https:\/\/www.acfo-acaf.com\/wp-content\/uploads\/2024\/05\/ACFO-WinterMeet-113-PRINT-2048x1536.jpg 2048w' sizes='(max-width: 639px) 100vw, (max-width: 999px) 50vw, (max-width: 1180px) 33vw, 394px' class='card__thumb' alt='' \/><\/a><\/div>\n\n    <div class='card__content'>\n      <div class='card__contentHeader'><ul class='card__categories' aria-label='Cat\u00e9gories'><li><a href='https:\/\/www.acfo-acaf.com\/fr\/category\/groupe-ct\/'>Groupe CT<\/a><\/li><li><a href='https:\/\/www.acfo-acaf.com\/fr\/category\/mise-jour\/'>Mise \u00e0 jour<\/a><\/li><\/ul><div class=\"card__date\">le 27 ao\u00fbt 2026<\/div><\/div>\n      <h3 class='card__title'><a href='https:\/\/www.acfo-acaf.com\/fr\/joignez-vous-a-nous-pour-une-rencontre-locale-a-fredericton\/'>Joignez-vous \u00e0 nous pour une rencontre locale \u00e0 Fredericton<\/a><\/h3>\n      <p class='card__excerpt'>L\u2019ACFO-ACAF est heureuse d\u2019offrir gratuitement \u00e0 ses membres une rencontre locale \u00e0 Fredericton&nbsp;le&nbsp;mercredi 9 septembre, de 12 h 00 \u00e0 [&hellip;]<\/p>\n      \n      <ul class='card__groups' aria-label='Groupes'><li><a href='https:\/\/www.acfo-acaf.com\/fr\/group\/ct-eav-fr\/'>CT-EAV<\/a>, <\/li><li><a href='https:\/\/www.acfo-acaf.com\/fr\/group\/ct-fin-fr\/'>CT-FIN<\/a>, <\/li><li><a href='https:\/\/www.acfo-acaf.com\/fr\/group\/ct-iau-fr\/'>CT-IAU<\/a><\/li><\/ul>\n    <\/div>\n  <\/div>\n<\/div><div class='card__wrap '>\n  <div class='card card--post'>\n    <div class='card__thumbWrap'><a href='https:\/\/www.acfo-acaf.com\/fr\/joignez-vous-a-nous-pour-une-rencontre-locale-a-victoria\/' class='card__thumbLink'><img src='https:\/\/www.acfo-acaf.com\/wp-content\/uploads\/2024\/04\/ACFO-WinterMeet-115-PRINT-128x96.jpg' srcset='https:\/\/www.acfo-acaf.com\/wp-content\/uploads\/2024\/04\/ACFO-WinterMeet-115-PRINT-128x96.jpg 128w,https:\/\/www.acfo-acaf.com\/wp-content\/uploads\/2024\/04\/ACFO-WinterMeet-115-PRINT-256x192.jpg 256w,https:\/\/www.acfo-acaf.com\/wp-content\/uploads\/2024\/04\/ACFO-WinterMeet-115-PRINT-512x384.jpg 512w,https:\/\/www.acfo-acaf.com\/wp-content\/uploads\/2024\/04\/ACFO-WinterMeet-115-PRINT-750x562.jpg 750w,https:\/\/www.acfo-acaf.com\/wp-content\/uploads\/2024\/04\/ACFO-WinterMeet-115-PRINT-1024x768.jpg 1024w,https:\/\/www.acfo-acaf.com\/wp-content\/uploads\/2024\/04\/ACFO-WinterMeet-115-PRINT-1440x1080.jpg 1440w,https:\/\/www.acfo-acaf.com\/wp-content\/uploads\/2024\/04\/ACFO-WinterMeet-115-PRINT-2048x1536.jpg 2048w' sizes='(max-width: 639px) 100vw, (max-width: 999px) 50vw, (max-width: 1180px) 33vw, 394px' class='card__thumb' alt='' \/><\/a><\/div>\n\n    <div class='card__content'>\n      <div class='card__contentHeader'><ul class='card__categories' aria-label='Cat\u00e9gories'><li><a href='https:\/\/www.acfo-acaf.com\/fr\/category\/groupe-ct\/'>Groupe CT<\/a><\/li><li><a href='https:\/\/www.acfo-acaf.com\/fr\/category\/mise-jour\/'>Mise \u00e0 jour<\/a><\/li><\/ul><div class=\"card__date\">le 27 ao\u00fbt 2026<\/div><\/div>\n      <h3 class='card__title'><a href='https:\/\/www.acfo-acaf.com\/fr\/joignez-vous-a-nous-pour-une-rencontre-locale-a-victoria\/'>Joignez-vous \u00e0 nous pour une rencontre locale \u00e0 Victoria<\/a><\/h3>\n      <p class='card__excerpt'>L\u2019ACFO-ACAF est heureuse d\u2019offrir gratuitement \u00e0 ses membres une rencontre locale \u00e0 Victoria&nbsp;le&nbsp;mercredi 21 octobre, de 12 h 00 \u00e0 [&hellip;]<\/p>\n      \n      <ul class='card__groups' aria-label='Groupes'><li><a href='https:\/\/www.acfo-acaf.com\/fr\/group\/ct-eav-fr\/'>CT-EAV<\/a>, <\/li><li><a href='https:\/\/www.acfo-acaf.com\/fr\/group\/ct-fin-fr\/'>CT-FIN<\/a>, <\/li><li><a href='https:\/\/www.acfo-acaf.com\/fr\/group\/ct-iau-fr\/'>CT-IAU<\/a><\/li><\/ul>\n    <\/div>\n  <\/div>\n<\/div><div class='card__wrap '>\n  <div class='card card--post'>\n    <div class='card__thumbWrap'><a href='https:\/\/www.acfo-acaf.com\/fr\/rencontres-des-membres-de-lacfo-acaf-rassembler-les-membres-des-regions\/' class='card__thumbLink'><img src='https:\/\/www.acfo-acaf.com\/wp-content\/uploads\/2023\/06\/fred-moon-0yqa0rMCsYk-unsplash-1-128x96.jpg' srcset='https:\/\/www.acfo-acaf.com\/wp-content\/uploads\/2023\/06\/fred-moon-0yqa0rMCsYk-unsplash-1-128x96.jpg 128w,https:\/\/www.acfo-acaf.com\/wp-content\/uploads\/2023\/06\/fred-moon-0yqa0rMCsYk-unsplash-1-256x192.jpg 256w,https:\/\/www.acfo-acaf.com\/wp-content\/uploads\/2023\/06\/fred-moon-0yqa0rMCsYk-unsplash-1-512x384.jpg 512w,https:\/\/www.acfo-acaf.com\/wp-content\/uploads\/2023\/06\/fred-moon-0yqa0rMCsYk-unsplash-1.jpg 750w,https:\/\/www.acfo-acaf.com\/wp-content\/uploads\/2023\/06\/fred-moon-0yqa0rMCsYk-unsplash-1.jpg 1024w,https:\/\/www.acfo-acaf.com\/wp-content\/uploads\/2023\/06\/fred-moon-0yqa0rMCsYk-unsplash-1.jpg 1440w,https:\/\/www.acfo-acaf.com\/wp-content\/uploads\/2023\/06\/fred-moon-0yqa0rMCsYk-unsplash-1.jpg 2048w' sizes='(max-width: 639px) 100vw, (max-width: 999px) 50vw, (max-width: 1180px) 33vw, 394px' class='card__thumb' alt='' \/><\/a><\/div>\n\n    <div class='card__content'>\n      <div class='card__contentHeader'><ul class='card__categories' aria-label='Cat\u00e9gories'><li><a href='https:\/\/www.acfo-acaf.com\/fr\/category\/mise-jour\/'>Mise \u00e0 jour<\/a><\/li><\/ul><div class=\"card__date\">le 27 ao\u00fbt 2026<\/div><\/div>\n      <h3 class='card__title'><a href='https:\/\/www.acfo-acaf.com\/fr\/rencontres-des-membres-de-lacfo-acaf-rassembler-les-membres-des-regions\/'>Rencontres des membres de l\u2019ACFO-ACAF: Rassembler les membres des r\u00e9gions<\/a><\/h3>\n      <p class='card__excerpt'>Vous souhaitez organiser un d\u00eener-r\u00e9seautage, un caf\u00e9-rencontre, une soir\u00e9e du jeu de quilles, un rassemblement des f\u00eates ou un autre [&hellip;]<\/p>\n      \n      <ul class='card__groups' aria-label='Groupes'><li><a href='https:\/\/www.acfo-acaf.com\/fr\/group\/ct-eav-fr\/'>CT-EAV<\/a>, <\/li><li><a href='https:\/\/www.acfo-acaf.com\/fr\/group\/ct-fin-fr\/'>CT-FIN<\/a>, <\/li><li><a href='https:\/\/www.acfo-acaf.com\/fr\/group\/ct-iau-fr\/'>CT-IAU<\/a><\/li><\/ul>\n    <\/div>\n  <\/div>\n<\/div><\/div><\/div><\/div>","protected":false},"excerpt":{"rendered":"","protected":false},"author":1,"featured_media":0,"parent":0,"menu_order":0,"comment_status":"closed","ping_status":"closed","template":"","meta":{"_acf_changed":false,"footnotes":""},"class_list":["post-4793","page","type-page","status-publish","hentry"],"acf":[],"_links":{"self":[{"href":"https:\/\/www.acfo-acaf.com\/fr\/wp-json\/wp\/v2\/pages\/4793","targetHints":{"allow":["GET"]}}],"collection":[{"href":"https:\/\/www.acfo-acaf.com\/fr\/wp-json\/wp\/v2\/pages"}],"about":[{"href":"https:\/\/www.acfo-acaf.com\/fr\/wp-json\/wp\/v2\/types\/page"}],"author":[{"embeddable":true,"href":"https:\/\/www.acfo-acaf.com\/fr\/wp-json\/wp\/v2\/users\/1"}],"replies":[{"embeddable":true,"href":"https:\/\/www.acfo-acaf.com\/fr\/wp-json\/wp\/v2\/comments?post=4793"}],"version-history":[{"count":2,"href":"https:\/\/www.acfo-acaf.com\/fr\/wp-json\/wp\/v2\/pages\/4793\/revisions"}],"predecessor-version":[{"id":7246,"href":"https:\/\/www.acfo-acaf.com\/fr\/wp-json\/wp\/v2\/pages\/4793\/revisions\/7246"}],"wp:attachment":[{"href":"https:\/\/www.acfo-acaf.com\/fr\/wp-json\/wp\/v2\/media?parent=4793"}],"curies":[{"name":"wp","href":"https:\/\/api.w.org\/{rel}","templated":true}]}}