{"id":5393,"date":"2024-04-24T16:59:19","date_gmt":"2024-04-24T16:59:19","guid":{"rendered":"https:\/\/acfo2023.wpengine.com\/?page_id=5393"},"modified":"2026-07-16T19:09:34","modified_gmt":"2026-07-16T19:09:34","slug":"les-prix-de-la-communaute-acfo-acaf","status":"publish","type":"page","link":"https:\/\/www.acfo-acaf.com\/fr\/services-aux-membres\/les-prix-de-la-communaute-acfo-acaf\/","title":{"rendered":"Les prix de la communaut\u00e9 ACFO-ACAF"},"content":{"rendered":"<div class='acfoSection pageHeader__wrap pageHeader__wrap--withImg'><div class='pageHeader pageHeader--standard'><div class='pageHeader__topLinkWrap'><a class='pageHeader__topLink' href='https:\/\/www.acfo-acaf.com\/fr\/services-aux-membres\/'>Votre adh\u00e9sion et programmes<\/a><\/div><h1>Les prix de la communaut\u00e9 ACFO-ACAF<\/h1><div class='sectionMenu__wrap linkListDd__wrap linkListDd__wrap--expands'><div class='sectionMenu__toggleWrap linkListDd__toggleWrap'><button type='button' class='sectionMenu__toggle linkListDd__toggle' id='sectionMenu__toggle-0' aria-controls='sectionMenu-0' aria-expanded='false'><span class='buttonLabel'>Sections<\/span><span class='buttonIcon buttonIcon--hamburger'><svg width=\"18\" height=\"12\" viewBox=\"0 0 18 12\" xmlns=\"http:\/\/www.w3.org\/2000\/svg\"><path d=\"M0 12h18v-2H0v2zm0-5h18V5H0v2zm0-7v2h18V0H0z\"\/><\/svg><\/span><span class='buttonIcon buttonIcon--close'><svg width=\"18\" height=\"18\" viewBox=\"0 0 18 18\" fill=\"none\" xmlns=\"http:\/\/www.w3.org\/2000\/svg\"><path d=\"M18 1.81L16.19 0 9 7.19 1.81 0 0 1.81 7.19 9 0 16.19 1.81 18 9 10.81 16.19 18 18 16.19 10.81 9 18 1.81z\" fill=\"#222\"\/><\/svg><\/span><\/button><\/div><nav class='sectionMenu linkListDd' aria-label='Menu de section' id='sectionMenu-0'><div class='sectionMenu__linkWrap linkListDd__item'><a class='sectionMenu__link' href='https:\/\/my.acfo-acaf.com'>Portail des membres<\/a><\/div><div class='sectionMenu__linkWrap linkListDd__item'><a class='sectionMenu__link' href='https:\/\/www.acfo-acaf.com\/fr\/services-aux-membres\/gestion-de-votre-adhesion\/'>Gestion de votre adh\u00e9sion<\/a><\/div><div class='sectionMenu__linkWrap linkListDd__item'><a class='sectionMenu__link' href='https:\/\/www.acfo-acaf.com\/fr\/services-aux-membres\/nouveaux-membres\/'>Renseignements pour les nouveaux membres<\/a><\/div><div class='sectionMenu__linkWrap linkListDd__item'><a class='sectionMenu__link' href='https:\/\/www.acfo-acaf.com\/fr\/services-aux-membres\/avantages-reserves-membres\/'>Avantages r\u00e9serv\u00e9es aux membres<\/a><\/div><div class='sectionMenu__linkWrap linkListDd__item'><a class='sectionMenu__link' href='https:\/\/www.acfo-acaf.com\/fr\/services-aux-membres\/connexion-emploi-ct\/'>Connexion Emploi CT<\/a><\/div><div class='sectionMenu__linkWrap linkListDd__item'><a class='sectionMenu__link' href='https:\/\/www.acfo-acaf.com\/fr\/services-aux-membres\/les-prix-de-la-communaute-acfo-acaf\/'>Les prix de la communaut\u00e9 ACFO-ACAF<\/a><\/div><div class='sectionMenu__linkWrap linkListDd__item'><a class='sectionMenu__link' href='https:\/\/www.acfo-acaf.com\/fr\/services-aux-membres\/le-programme-de-bourses-detudes-de-lacfo-acaf\/'>Bourses d\u2019\u00e9tudes<\/a><\/div><div class='sectionMenu__linkWrap linkListDd__item'><a class='sectionMenu__link' href='https:\/\/www.acfo-acaf.com\/fr\/services-aux-membres\/equite-diversite-inclusion-et-antiracisme-ediar\/'>\u00c9quit\u00e9, diversit\u00e9, inclusion et antiracisme (EDIAR)<\/a><\/div><div class='sectionMenu__linkWrap linkListDd__item'><a class='sectionMenu__link' href='https:\/\/www.acfo-acaf.com\/fr\/ca-travaille-a-distance\/'>\u00c7a travaille \u00e0 distance<\/a><\/div><\/nav><\/div><div class='pageHeader__imgWrap'><img class='pageHeader__img' src='https:\/\/www.acfo-acaf.com\/wp-content\/uploads\/2023\/10\/ACFO-2023Members-Group-03-PRINT-128x53.jpg' srcset='https:\/\/www.acfo-acaf.com\/wp-content\/uploads\/2023\/10\/ACFO-2023Members-Group-03-PRINT-128x64.jpg 128w,https:\/\/www.acfo-acaf.com\/wp-content\/uploads\/2023\/10\/ACFO-2023Members-Group-03-PRINT-256x128.jpg 256w,https:\/\/www.acfo-acaf.com\/wp-content\/uploads\/2023\/10\/ACFO-2023Members-Group-03-PRINT-512x256.jpg 512w,https:\/\/www.acfo-acaf.com\/wp-content\/uploads\/2023\/10\/ACFO-2023Members-Group-03-PRINT-750x375.jpg 750w,https:\/\/www.acfo-acaf.com\/wp-content\/uploads\/2023\/10\/ACFO-2023Members-Group-03-PRINT-1024x512.jpg 1024w,https:\/\/www.acfo-acaf.com\/wp-content\/uploads\/2023\/10\/ACFO-2023Members-Group-03-PRINT.jpg 1440w,https:\/\/www.acfo-acaf.com\/wp-content\/uploads\/2023\/10\/ACFO-2023Members-Group-03-PRINT.jpg 2048w' sizes='(max-width: 1180px) 100vw, 1180px' \/><\/div><\/div><\/div>\n\n\n<p class=\"wp-block-paragraph\" id=\"block-b285055c-23ab-4314-a642-85251c854d54\">Les prix de la communaut\u00e9 ACFO-ACAF c\u00e9l\u00e8brent l&rsquo;excellence au sein de notre estim\u00e9e communaut\u00e9. Ces prix ont \u00e9t\u00e9 cr\u00e9\u00e9s pour reconna\u00eetre les contributions exceptionnelles de nos membres \u00e0 la fois \u00e0 notre profession et \u00e0 la communaut\u00e9. Non seulement estimons\u2011nous que la reconnaissance du d\u00e9vouement et de l\u2019innovation est bien m\u00e9rit\u00e9e, mais nous esp\u00e9rons aussi qu\u2019elle incitera les membres de la communaut\u00e9 \u00e0 toujours se d\u00e9passer.<\/p>\n\n\n\n<div class=\"wp-block-buttons wp-embed-aspect-16-9 wp-has-aspect-ratio is-layout-flex wp-block-buttons-is-layout-flex\">\n<div class=\"wp-block-button\"><a class=\"wp-block-button__link wp-element-button\" href=\"https:\/\/www.research.net\/r\/prix-de-la-communaute-ACFO-ACAF-2026?lang=fr\" target=\"_blank\" rel=\"noreferrer noopener\">POSTULEZ MAINTENANT<\/a><\/div>\n<\/div>\n\n\n\n<h3 id=\"block-d01c02d8-1670-4c80-a603-7adaccf46b82\" class=\"wp-block-heading\">Les candidatures ferment le <strong>11&nbsp;septembre&nbsp;202<\/strong>6<\/h3>\n\n\n\n<p class=\"wp-block-paragraph\" id=\"block-f3ccbaa1-c359-4260-b549-7b3191ae5f5d\">Chaque laur\u00e9at :<\/p>\n\n\n\n<ul id=\"block-22278073-8891-4836-a5f5-25e72c3df98c\" class=\"wp-block-list\">\n<li>sera c\u00e9l\u00e9br\u00e9 lors de l&rsquo;une de nos principales manifestations; et<\/li>\n\n\n\n<li>aura l&rsquo;occasion de partager ses r\u00e9alisations avec l&rsquo;ensemble de la communaut\u00e9 ACFO-ACAF.<\/li>\n<\/ul>\n\n\n\n<p class=\"wp-block-paragraph\" id=\"block-ebfc4e22-266d-4100-afd7-de1320aa50cd\">Afin que la distance ne soit pas un obstacle \u00e0 la participation, les frais de d\u00e9placement seront couverts pour les laur\u00e9ats des r\u00e9gions qui viendront chercher leur prix; dans le cas d&rsquo;\u00e9quipes gagnantes plus grandes, le soutien sera \u00e9tendu \u00e0 quelques repr\u00e9sentants afin d&rsquo;assurer des arrangements de d\u00e9placement \u00e9quitables et g\u00e9rables. Nous invitons chaleureusement les membres des quatre coins du Canada \u00e0 poser leur candidature \u00e0 ces prix prestigieux.<\/p>\n\n\n\n<p class=\"wp-block-paragraph\" id=\"block-46595cff-88b7-4572-aae7-90c6c46d3286\">Trois prix distincts ont \u00e9t\u00e9 cr\u00e9\u00e9s, chacun repr\u00e9sentant une facette unique de l\u2019excellence. Vous trouverez ci-dessous de plus amples renseignements sur chaque prix, les crit\u00e8res d\u2019admissibilit\u00e9 et les modalit\u00e9s de mise en candidature. Pour toute question, veuillez envoyer un courriel \u00e0 <a href=\"mailto:awards-prix@acfo-acaf.com\">awards\u2011prix@acfo-acaf.com<\/a>.<\/p>\n\n\n\n<h2 id=\"block-20fb8905-20c7-4296-b207-bdad5c1c4054\" class=\"wp-block-heading\">Prix de l\u2019innovation ACFO-ACAF<\/h2>\n\n\n\n<figure class=\"wp-block-embed is-type-video is-provider-youtube wp-block-embed-youtube wp-embed-aspect-16-9 wp-has-aspect-ratio\"><div class=\"wp-block-embed__wrapper\">\n<iframe loading=\"lazy\" title=\"ACFO-ACAF CT Innovation Award Showcase: Danny\" width=\"500\" height=\"281\" src=\"https:\/\/www.youtube.com\/embed\/28bI3XSAx9U?feature=oembed\" frameborder=\"0\" allow=\"accelerometer; autoplay; clipboard-write; encrypted-media; gyroscope; picture-in-picture; web-share\" referrerpolicy=\"strict-origin-when-cross-origin\" allowfullscreen><\/iframe>\n<\/div><\/figure>\n\n\n\n<p class=\"wp-block-paragraph\" id=\"block-7554ff04-c673-4bbb-862b-2409b8c59d27\">Le Prix de l\u2019innovation ACFO-ACAF est d\u00e9cern\u00e9 \u00e0 un membre de l\u2019ACFO-ACAF ou \u00e0 une \u00e9quipe de membres de l\u2019ACFO-ACAF \u00e0 l\u2019avant-garde de l\u2019innovation en mati\u00e8re de finances ou d\u2019audit dans la fonction publique f\u00e9d\u00e9rale centrale. Par son innovation technologique, organisationnelle ou strat\u00e9gique, cette personne ou cette \u00e9quipe a favoris\u00e9 des am\u00e9liorations importantes dans son minist\u00e8re, a aid\u00e9 une \u00e9quipe \u00e0 traverser une situation difficile ou a permis \u00e0 son organisation de mieux servir la population canadienne.<\/p>\n\n\n\n<h3 id=\"block-2f5cab6a-f92a-41ee-9ebb-a17499510168\" class=\"wp-block-heading\">Crit\u00e8res de mise en candidature<\/h3>\n\n\n\n<p class=\"wp-block-paragraph\" id=\"block-27b4500d-aff2-471e-84f8-fc2fda874174\">Les personnes qui peuvent poser leur candidature sont les membres actifs et cotisants de l\u2019ACFO\u2011ACAF. Il est \u00e9galement possible de proposer la candidature d\u2019un membre de l\u2019ACFO\u2011ACAF qui a \u00e9t\u00e9 actif \u00e0 n\u2019importe quel moment entre le 3 septembre 2025 et le 2 septembre 2026.<\/p>\n\n\n\n<p class=\"wp-block-paragraph\" id=\"block-2729b3dc-8b39-4d0c-b03b-badfd690cec6\">La candidature doit \u00e9galement se fonder sur un projet, un programme ou un service qui a \u00e9t\u00e9 mis en \u0153uvre, sur lequel on a travaill\u00e9 ou qui a \u00e9t\u00e9 achev\u00e9 apr\u00e8s le 1<sup>er<\/sup>&nbsp;novembre 2023.<\/p>\n\n\n\n<p class=\"wp-block-paragraph\" id=\"block-aab31dac-3665-4b10-8ef1-c973d98a6b64\">Les candidats doivent pr\u00e9senter&nbsp;:<\/p>\n\n\n\n<ul id=\"block-181a686c-6efa-4b4a-b147-d0c61648b6a5\" class=\"wp-block-list\">\n<li>Une description de leurs r\u00e9alisations en mati\u00e8re d\u2019innovation (750&nbsp;mots maximum)<\/li>\n\n\n\n<li>Deux lettres d\u2019appui qui peuvent attester de ces r\u00e9alisations (il n\u2019est pas n\u00e9cessaire qu\u2019elles proviennent de membres de l\u2019ACFO-ACAF) (250&nbsp;mots maximum)\n<ul class=\"wp-block-list\">\n<li>Si la candidature d\u2019une personne ou d\u2019une \u00e9quipe est propos\u00e9e par un tiers, les lettres d\u2019appui doivent \u00eatre r\u00e9dig\u00e9es par deux personnes diff\u00e9rentes de l\u2019auteur de la proposition.<\/li>\n\n\n\n<li>Les lettres d&rsquo;appui ne peuvent pas provenir du personnel ou des membres du conseil d&rsquo;administration de l&rsquo;ACFO-ACAF.<\/li>\n<\/ul>\n<\/li>\n\n\n\n<li>Un formulaire de candidature en ligne d\u00fbment rempli.<\/li>\n<\/ul>\n\n\n\n<p class=\"wp-block-paragraph\" id=\"block-3ea9b231-a73c-4d79-913f-e2540914820b\">La description des r\u00e9alisations et les lettres d\u2019appui doivent \u00eatre soumis en ligne ou par la poste \u00e0 l\u2019ACFO-ACAF. Seules les candidatures compl\u00e8tes seront prises en consid\u00e9ration, et il incombe aux candidats et candidates (ou aux proposeurs) de s\u2019assurer que tout dossier de mise en candidature est complet.<\/p>\n\n\n\n<h3 id=\"block-698ad1e0-b634-4056-ae3b-bc0d9e85b410\" class=\"wp-block-heading\">Crit\u00e8res d\u2019\u00e9valuation<\/h3>\n\n\n\n<p class=\"wp-block-paragraph\" id=\"block-b2ab78e7-44a0-4f09-8859-0dc4a50483bb\">L\u2019\u00e9valuation des candidatures et la s\u00e9lection des laur\u00e9ats sont effectu\u00e9es par un comit\u00e9 ind\u00e9pendant. Pour rendre le processus plus \u00e9quitable et impartial, toute identification personnelle est supprim\u00e9e des candidatures avant qu\u2019elles ne soient envoy\u00e9es au comit\u00e9 d\u2019\u00e9valuation.<\/p>\n\n\n\n<p class=\"wp-block-paragraph\" id=\"block-5fd158e0-1fa9-4954-a945-784727a72ef4\">Les membres du comit\u00e9 examineront les candidatures en d\u00e9tail en attribuant une note de 1 \u00e0 5 pour chacun des crit\u00e8res d\u2019\u00e9valuation suivants, la note finale \u00e9tant \u00e9tablie sur 25.<\/p>\n\n\n\n<h4 id=\"block-368a2337-6e31-48d9-b27a-263b99f801cc\" class=\"wp-block-heading\">Description des r\u00e9alisations du candidat ou de la candidate<\/h4>\n\n\n\n<ul id=\"block-aa3e3b89-2213-4a2c-bf07-f32d0f4e85c2\" class=\"wp-block-list\">\n<li>Description claire du probl\u00e8me op\u00e9rationnel abord\u00e9 ou de l\u2019occasion saisie<\/li>\n\n\n\n<li>Cr\u00e9ativit\u00e9, caract\u00e8re exceptionnel et reproductibilit\u00e9 de la solution<\/li>\n\n\n\n<li>Impact mesurable du ou des r\u00e9sultats<\/li>\n<\/ul>\n\n\n\n<h4 id=\"block-488a200e-676a-477e-b73f-895320b648f5\" class=\"wp-block-heading\">Lettres d\u2019appui<\/h4>\n\n\n\n<ul id=\"block-dc6b1575-4217-42a0-a92a-d93f0e1069c0\" class=\"wp-block-list\">\n<li>Lettre 1 attestant des r\u00e9alisations de la personne mise en candidature<\/li>\n\n\n\n<li>Lettre 2 attestant des r\u00e9alisations de la personne mise en candidature<\/li>\n<\/ul>\n\n\n\n<p class=\"wp-block-paragraph\" id=\"block-86bc1b37-14a2-4164-b562-890c861516b6\">Les membres du comit\u00e9 de s\u00e9lection ne sont pas tenus de fournir des \u00e9valuations \u00e9crites des candidatures individuelles. Si aucune candidature ne se d\u00e9marque clairement, une rencontre en face \u00e0 face peut \u00eatre n\u00e9cessaire pour s\u00e9lectionner le laur\u00e9at ou la laur\u00e9ate.<\/p>\n\n\n\n<p class=\"wp-block-paragraph\" id=\"block-f2462180-18a6-466e-9119-c1cebe79cd75\">Les appels pour r\u00e9examen ne peuvent \u00eatre admis qu\u2019au motif que la proc\u00e9dure administrative n\u2019a pas \u00e9t\u00e9 respect\u00e9e.<\/p>\n\n\n\n<h2 id=\"block-46ccc593-b4fd-4f15-b478-0dfe999be4a1\" class=\"wp-block-heading\">Prix du b\u00e9n\u00e9volat Tessie Genise<\/h2>\n\n\n\n<figure class=\"wp-block-embed is-type-video is-provider-youtube wp-block-embed-youtube wp-embed-aspect-16-9 wp-has-aspect-ratio\"><div class=\"wp-block-embed__wrapper\">\n<iframe loading=\"lazy\" title=\"ACFO-ACAF Tessie Genise Volunteer Award Showcase: Sanja\" width=\"500\" height=\"281\" src=\"https:\/\/www.youtube.com\/embed\/vB4gACIpUy4?feature=oembed\" frameborder=\"0\" allow=\"accelerometer; autoplay; clipboard-write; encrypted-media; gyroscope; picture-in-picture; web-share\" referrerpolicy=\"strict-origin-when-cross-origin\" allowfullscreen><\/iframe>\n<\/div><\/figure>\n\n\n\n<p class=\"wp-block-paragraph\" id=\"block-708032a2-0543-4f8f-824e-50cc3b2a95ed\">Le Prix du b\u00e9n\u00e9volat Tessie Genise est d\u00e9cern\u00e9 \u00e0 un membre de l\u2019ACFO-ACAF qui a fait preuve d\u2019un engagement exceptionnel en mati\u00e8re de b\u00e9n\u00e9volat au sein de la communaut\u00e9. Il s\u2019agit d\u2019une personne qui s\u2019est surpass\u00e9e pour servir ses coll\u00e8gues et am\u00e9liorer leur vie.<\/p>\n\n\n\n<p class=\"wp-block-paragraph\" id=\"block-a0493c3a-8e4e-4549-9726-d4d0ab8803e8\">Le prix est nomm\u00e9 en m\u00e9moire de Tessie Genise, membre d\u00e9vou\u00e9e de l\u2019ACFO-ACAF, repr\u00e9sentante b\u00e9n\u00e9vole et membre de l\u2019\u00e9quipe de n\u00e9gociation collective qui s\u2019est engag\u00e9e toute sa vie \u00e0 faire du b\u00e9n\u00e9volat et \u00e0 rendre service \u00e0 la communaut\u00e9 financi\u00e8re du secteur public.<\/p>\n\n\n\n<h3 id=\"block-8cc560a3-b57e-4fd3-a3ef-e791715693cd\" class=\"wp-block-heading\">Crit\u00e8res de mise en candidature<\/h3>\n\n\n\n<p class=\"wp-block-paragraph\" id=\"block-5ed0b781-2879-450f-8d4e-056a2f631d0d\">Les personnes qui peuvent poser leur candidature sont les membres actifs et cotisants de l\u2019ACFO\u2011ACAF. Il est \u00e9galement possible de proposer la candidature d\u2019un membre de l\u2019ACFO\u2011ACAF qui a \u00e9t\u00e9 actif \u00e0 n\u2019importe quel moment entre le 3 septembre 2025 et le 2 septembre 2026.<\/p>\n\n\n\n<p class=\"wp-block-paragraph\" id=\"block-2b280f92-a480-42f9-9ea7-ad8b73eab67a\">Les candidats doivent pr\u00e9senter&nbsp;:<\/p>\n\n\n\n<ul id=\"block-c100e498-3480-42e1-815b-c1250a1eeef7\" class=\"wp-block-list\">\n<li>Une description de leurs r\u00e9alisations sur le plan du b\u00e9n\u00e9volat (750&nbsp;mots maximum)<\/li>\n\n\n\n<li>Deux lettres d\u2019appui qui peuvent attester de ces r\u00e9alisations (il n\u2019est pas n\u00e9cessaire qu\u2019elles proviennent de membres de l\u2019ACFO-ACAF) (250&nbsp;mots maximum)\n<ul class=\"wp-block-list\">\n<li>Si la candidature d\u2019un membre de l\u2019ACFO-ACAF est propos\u00e9e par un tiers, les lettres d\u2019appui doivent \u00eatre r\u00e9dig\u00e9es par deux personnes diff\u00e9rentes de l\u2019auteur de la proposition.<\/li>\n\n\n\n<li>Les lettres d&rsquo;appui ne peuvent pas provenir du personnel ou des membres du conseil d&rsquo;administration de l&rsquo;ACFO-ACAF.<\/li>\n<\/ul>\n<\/li>\n\n\n\n<li>Un formulaire de candidature en ligne d\u00fbment rempli.<\/li>\n<\/ul>\n\n\n\n<p class=\"wp-block-paragraph\" id=\"block-716450be-6156-4128-b84d-829af44bda8b\">La description des r\u00e9alisations et les lettres d\u2019appui doivent \u00eatre soumis en ligne ou par la poste \u00e0 l\u2019ACFO-ACAF. Seules les candidatures compl\u00e8tes seront prises en consid\u00e9ration, et il incombe aux candidats et candidates (ou aux proposeurs) de s\u2019assurer que tout dossier de mise en candidature est complet.<\/p>\n\n\n\n<h3 id=\"block-e54773d4-440c-4460-96a9-2fb076d4420f\" class=\"wp-block-heading\">Crit\u00e8res d\u2019\u00e9valuation<\/h3>\n\n\n\n<p class=\"wp-block-paragraph\" id=\"block-c68c3823-78a1-415b-97ad-71e6eeea8985\">L\u2019\u00e9valuation des candidatures et la s\u00e9lection des laur\u00e9ats sont effectu\u00e9es par un comit\u00e9 ind\u00e9pendant. Pour rendre le processus plus \u00e9quitable et impartial, toute identification personnelle est supprim\u00e9e des candidatures avant qu\u2019elles ne soient envoy\u00e9es au comit\u00e9 d\u2019\u00e9valuation.<\/p>\n\n\n\n<p class=\"wp-block-paragraph\" id=\"block-02fe5c98-963f-43df-b996-96146c4565f9\">Les membres du comit\u00e9 examineront les candidatures en d\u00e9tail en attribuant une note de 1 \u00e0 5 pour chacun des crit\u00e8res d\u2019\u00e9valuation suivants, la note finale \u00e9tant \u00e9tablie sur 25.<\/p>\n\n\n\n<h4 id=\"block-36158fe6-2f3b-463d-b995-58ff15188431\" class=\"wp-block-heading\">Description des r\u00e9alisations du candidat ou de la candidate<\/h4>\n\n\n\n<ul id=\"block-3c2ed7f6-0ef0-4865-a817-538f254445cd\" class=\"wp-block-list\">\n<li>Description claire de l\u2019apport \u00e0 communaut\u00e9 ACFO-ACAF<\/li>\n\n\n\n<li>Caract\u00e8re exceptionnel et \u00e9l\u00e9ments distinctifs du candidat ou de la candidate<\/li>\n\n\n\n<li>Impact mesurable de son apport<\/li>\n<\/ul>\n\n\n\n<h4 id=\"block-f0c5f20c-2666-4081-8af2-28c0798283a1\" class=\"wp-block-heading\">Lettres d\u2019appui (maximum de 250 mots chacune)<\/h4>\n\n\n\n<ul id=\"block-f78a35ed-2e80-419f-8f85-41dfd1f9ef6d\" class=\"wp-block-list\">\n<li>Lettre 1 attestant des r\u00e9alisations de la personne mise en candidature<\/li>\n\n\n\n<li>Lettre 2 attestant des r\u00e9alisations de la personne mise en candidature<\/li>\n<\/ul>\n\n\n\n<p class=\"wp-block-paragraph\" id=\"block-ef0cc87c-bd77-4e74-99ee-9131af7b7bf6\">Les membres du comit\u00e9 de s\u00e9lection ne sont pas tenus de fournir des \u00e9valuations \u00e9crites des candidatures individuelles. Si aucune candidature ne se d\u00e9marque clairement, une rencontre en face \u00e0 face peut \u00eatre n\u00e9cessaire pour s\u00e9lectionner le laur\u00e9at ou la laur\u00e9ate.<\/p>\n\n\n\n<p class=\"wp-block-paragraph\" id=\"block-241b5bd1-033d-405b-b514-6bdae20e0b71\">Les appels pour r\u00e9examen ne peuvent \u00eatre admis qu\u2019au motif que la proc\u00e9dure administrative n\u2019a pas \u00e9t\u00e9 respect\u00e9e.<\/p>\n\n\n\n<h2 id=\"block-2689b793-ff18-4702-8130-37c1c5b94520\" class=\"wp-block-heading\">Prix pour l\u2019ensemble des r\u00e9alisations dans la communaut\u00e9 ACFO-ACAF<\/h2>\n\n\n\n<p class=\"wp-block-paragraph\" id=\"block-b6e77adc-c76c-4e4f-ab7c-2e296533e30a\">Le Prix pour l\u2019ensemble des r\u00e9alisations dans la communaut\u00e9 ACFO-ACAF est d\u00e9cern\u00e9 \u00e0 un membre de l\u2019ACFO-ACAF en reconnaissance de son d\u00e9vouement \u00e0 la communaut\u00e9 ACFO-ACAF tout au long de sa carri\u00e8re. Il s\u2019agit d\u2019une personne dont la contribution inspirante a laiss\u00e9 une empreinte durable, \u00e9tablissant un mod\u00e8le de professionnalisme, d\u2019\u00e9thique et de gestion financi\u00e8re au sein du secteur public.<\/p>\n\n\n\n<h3 id=\"block-c8be586e-1c8d-44bd-ac0b-91cbb73fc873\" class=\"wp-block-heading\">Crit\u00e8res de mise en candidature<\/h3>\n\n\n\n<p class=\"wp-block-paragraph\" id=\"block-1fe2e654-be0e-4f8c-ba95-64ec7d0b42a9\">Tout membre de l\u2019ACFO-ACAF peut poser sa candidature ou proposer celle d\u2019un autre membre qui<\/p>\n\n\n\n<ul id=\"block-9ea39775-331a-433c-b99f-c86f8a8699ba\" class=\"wp-block-list\">\n<li>a travaill\u00e9 au moins 10 ans (non cons\u00e9cutifs) comme membre de l\u2019ACFO-ACAF ou dans un poste \u00e9quivalent CT-EAV \/ CT-IAU;<\/li>\n\n\n\n<li>a travaill\u00e9 au moins 20 ans (non cons\u00e9cutifs) dans la fonction publique f\u00e9d\u00e9rale; et<\/li>\n\n\n\n<li>a \u00e9t\u00e9 membre actif et cotisant&nbsp; \u00e0 n\u2019importe quel moment entre le 3 septembre 2025 et le 2 septembre 2026.<\/li>\n<\/ul>\n\n\n\n<p class=\"wp-block-paragraph\" id=\"block-f98617de-e2f3-49e0-8164-c506e31e79c8\">Les candidats doivent pr\u00e9senter&nbsp;:<\/p>\n\n\n\n<ul id=\"block-2aa3585d-31d3-4b46-af89-8e34960cd13f\" class=\"wp-block-list\">\n<li>Une description de leurs r\u00e9alisations dans la fonction publique comme membre de l\u2019ACFO\u2011ACAF (750&nbsp;mots maximum)<\/li>\n\n\n\n<li>Deux lettres d\u2019appui qui peuvent attester de ces r\u00e9alisations (il n\u2019est pas n\u00e9cessaire qu\u2019elles proviennent de membres de l\u2019ACFO-ACAF) (250&nbsp;mots maximum)\n<ul class=\"wp-block-list\">\n<li>Si la candidature d\u2019un membre de l\u2019ACFO-ACAF est propos\u00e9e par un tiers, les lettres d\u2019appui doivent \u00eatre r\u00e9dig\u00e9es par deux personnes diff\u00e9rentes de l\u2019auteur de la proposition.<\/li>\n\n\n\n<li>Les lettres d&rsquo;appui ne peuvent pas provenir du personnel ou des membres du conseil d&rsquo;administration de l&rsquo;ACFO-ACAF.<\/li>\n<\/ul>\n<\/li>\n\n\n\n<li>Un formulaire de candidature en ligne d\u00fbment rempli.<\/li>\n<\/ul>\n\n\n\n<p class=\"wp-block-paragraph\" id=\"block-e3a7cf0f-f49d-4ee8-be25-e5efa4c691ec\">La description des r\u00e9alisations et les lettres d\u2019appui doivent \u00eatre soumis en ligne ou par la poste \u00e0 l\u2019ACFO-ACAF. Seules les candidatures compl\u00e8tes seront prises en consid\u00e9ration, et il incombe aux candidats et candidates (ou aux proposeurs) de s\u2019assurer que tout dossier de mise en candidature est complet.<\/p>\n\n\n\n<h3 id=\"block-fa520a34-7b47-48f5-a7f6-9551284984a1\" class=\"wp-block-heading\">Crit\u00e8res d\u2019\u00e9valuation<\/h3>\n\n\n\n<p class=\"wp-block-paragraph\" id=\"block-a0cc85d9-caaf-4cb9-b9ed-acfc3e41e8ca\">L\u2019\u00e9valuation des candidatures et la s\u00e9lection des laur\u00e9ats sont effectu\u00e9es par un comit\u00e9 ind\u00e9pendant. Pour rendre le processus plus \u00e9quitable et impartial, toute identification personnelle est supprim\u00e9e des candidatures avant qu\u2019elles ne soient envoy\u00e9es au comit\u00e9 d\u2019\u00e9valuation.<\/p>\n\n\n\n<p class=\"wp-block-paragraph\" id=\"block-1c733284-2141-4d79-881e-947a669eb923\">Les membres du comit\u00e9 examineront les candidatures en d\u00e9tail en attribuant une note de 1 \u00e0 5 pour chacun des crit\u00e8res d\u2019\u00e9valuation suivants.<\/p>\n\n\n\n<h4 id=\"block-10d87319-4385-4e9e-a84c-b25e222f460e\" class=\"wp-block-heading\">Description des r\u00e9alisations du candidat ou de la candidate<\/h4>\n\n\n\n<ul id=\"block-0b10d737-4100-4161-90ab-a48ed4bd9856\" class=\"wp-block-list\">\n<li>Description claire de l\u2019apport \u00e0 la fonction publique<\/li>\n\n\n\n<li>Caract\u00e8re exceptionnel et \u00e9l\u00e9ments distinctifs du candidat ou de la candidate<\/li>\n\n\n\n<li>Impact mesurable de son apport<\/li>\n<\/ul>\n\n\n\n<h4 id=\"block-b68ad50b-f8b9-4f94-aa44-420afbbb1dfd\" class=\"wp-block-heading\">Lettres d\u2019appui<\/h4>\n\n\n\n<ul id=\"block-25e1d23d-da51-487d-a8ee-755c3550314c\" class=\"wp-block-list\">\n<li>Lettre 1 attestant des r\u00e9alisations de la personne mise en candidature<\/li>\n\n\n\n<li>Lettre 2 attestant des r\u00e9alisations de la personne mise en candidature<\/li>\n<\/ul>\n\n\n\n<p class=\"wp-block-paragraph\" id=\"block-81276025-eb7a-407a-a2b7-6833630c2398\">Les membres du comit\u00e9 de s\u00e9lection ne sont pas tenus de fournir des \u00e9valuations \u00e9crites des candidatures individuelles. Si aucune candidature ne se d\u00e9marque clairement, une rencontre en face \u00e0 face peut \u00eatre n\u00e9cessaire pour s\u00e9lectionner le laur\u00e9at ou la laur\u00e9ate.<\/p>\n\n\n\n<p class=\"wp-block-paragraph\" id=\"block-a78ac2ee-d3e4-4809-90ca-484ce9af7b78\">Les appels pour r\u00e9examen ne peuvent \u00eatre admis qu\u2019au motif que la proc\u00e9dure administrative n\u2019a pas \u00e9t\u00e9 respect\u00e9e.<\/p>\n\n\n\n<figure class=\"wp-block-embed is-type-video is-provider-youtube wp-block-embed-youtube wp-embed-aspect-16-9 wp-has-aspect-ratio\"><div class=\"wp-block-embed__wrapper\">\n<iframe loading=\"lazy\" title=\"CT Community Awards: Meet DND&amp;apos;s Directorate of Cost Analytics\" width=\"500\" height=\"281\" src=\"https:\/\/www.youtube.com\/embed\/wWYtxG3ffl8?feature=oembed\" frameborder=\"0\" allow=\"accelerometer; autoplay; clipboard-write; encrypted-media; gyroscope; picture-in-picture; web-share\" referrerpolicy=\"strict-origin-when-cross-origin\" allowfullscreen><\/iframe>\n<\/div><\/figure>\n\n\n<div class='acfoSection sectionWrap sectionWrap--linkbox  sectionWrap--color-yellow' ><div class='section section--linkbox '><div class='linkbox linkbox--2col'><div class='linkbox__titleWrap'><h2 class='sectionTitle linkbox__title'>Contactez-nous<\/h2><\/div><div class='linkbox__description sectionDescription'>Si vous souhaitez vous impliquer \u00e0 l\u2019ACFO-ACAF ou prendre contact avec nous, il y a de nombreuses fa\u00e7ons de nous joindre. Nous serons ravis de vous entendre.<div class='linkWrap--arrow linkbox__linkWrap'><a href='https:\/\/www.acfo-acaf.com\/fr\/contactez-nous\/' class='link--arrow link--hoverSlide' ><div class=''>Prendre contact avec nous<span class=\"acfoArrow\"> \u2192<\/span><\/div><\/a><\/div><\/div><\/div><\/div><\/div>","protected":false},"excerpt":{"rendered":"<p>Les prix de la communaut\u00e9 ACFO-ACAF c\u00e9l\u00e8brent l&rsquo;excellence au sein de notre estim\u00e9e communaut\u00e9. Ces prix ont \u00e9t\u00e9 cr\u00e9\u00e9s pour [&hellip;]<\/p>\n","protected":false},"author":3,"featured_media":5110,"parent":4705,"menu_order":0,"comment_status":"closed","ping_status":"closed","template":"","meta":{"_acf_changed":false,"footnotes":""},"class_list":["post-5393","page","type-page","status-publish","has-post-thumbnail","hentry"],"acf":[],"_links":{"self":[{"href":"https:\/\/www.acfo-acaf.com\/fr\/wp-json\/wp\/v2\/pages\/5393","targetHints":{"allow":["GET"]}}],"collection":[{"href":"https:\/\/www.acfo-acaf.com\/fr\/wp-json\/wp\/v2\/pages"}],"about":[{"href":"https:\/\/www.acfo-acaf.com\/fr\/wp-json\/wp\/v2\/types\/page"}],"author":[{"embeddable":true,"href":"https:\/\/www.acfo-acaf.com\/fr\/wp-json\/wp\/v2\/users\/3"}],"replies":[{"embeddable":true,"href":"https:\/\/www.acfo-acaf.com\/fr\/wp-json\/wp\/v2\/comments?post=5393"}],"version-history":[{"count":0,"href":"https:\/\/www.acfo-acaf.com\/fr\/wp-json\/wp\/v2\/pages\/5393\/revisions"}],"up":[{"embeddable":true,"href":"https:\/\/www.acfo-acaf.com\/fr\/wp-json\/wp\/v2\/pages\/4705"}],"wp:featuredmedia":[{"embeddable":true,"href":"https:\/\/www.acfo-acaf.com\/fr\/wp-json\/wp\/v2\/media\/5110"}],"wp:attachment":[{"href":"https:\/\/www.acfo-acaf.com\/fr\/wp-json\/wp\/v2\/media?parent=5393"}],"curies":[{"name":"wp","href":"https:\/\/api.w.org\/{rel}","templated":true}]}}